{"id":7587,"date":"2022-05-24T14:32:25","date_gmt":"2022-05-24T14:32:25","guid":{"rendered":"https:\/\/vki.stilldev2.work\/fooldal\/"},"modified":"2025-09-04T10:50:28","modified_gmt":"2025-09-04T10:50:28","slug":"fooldal","status":"publish","type":"page","link":"https:\/\/vgi.krtk.hu\/en\/","title":{"rendered":"Home"},"content":{"rendered":"\t\t<div data-elementor-type=\"wp-page\" data-elementor-id=\"7587\" class=\"elementor elementor-7587 elementor-15\" data-elementor-post-type=\"page\">\n\t\t\t\t\t\t<section class=\"elementor-section elementor-top-section elementor-element elementor-element-73428b6 elementor-section-boxed elementor-section-height-default elementor-section-height-default\" data-id=\"73428b6\" data-element_type=\"section\">\n\t\t\t\t\t\t<div class=\"elementor-container elementor-column-gap-custom\">\n\t\t\t\t\t<div class=\"elementor-column elementor-col-100 elementor-top-column elementor-element elementor-element-de965b6\" data-id=\"de965b6\" data-element_type=\"column\">\n\t\t\t<div class=\"elementor-widget-wrap elementor-element-populated\">\n\t\t\t\t\t\t<div class=\"elementor-element elementor-element-835bc01 elementor-widget elementor-widget-hero_banner\" data-id=\"835bc01\" data-element_type=\"widget\" data-widget_type=\"hero_banner.default\">\n\t\t\t\t<div class=\"elementor-widget-container\">\n\t\t\t\t\t\n        <div class=\"swiper-container hero-banner\">\n            <div class=\"swiper-wrapper\">\n                <div class=\"swiper-slide\">\n                    <div class=\"left\">\n                        <div class=\"content-wrapper\">\n                            <h2 class=\"title\">\n                                                            <\/h2>\n                            <svg class=\"triangle\" preserveAspectRatio=\"none\" viewBox=\"0 0 300 300\">\n                                <path d=\"M 0 0 V 300 H 300 Z\" style=\"fill: rgba(184, 0, 0, 1);\"><\/path>\n                            <\/svg>\n                            <div class=\"text\">\n                                <p style=\"text-align: justify;\">We would like to welcome you on the Institute of World Economics, ELTE CERS website!<\/p>\r\nOur Institute analyzes world economic processes and their impact on Hungary. It is the oldest and thereby most experienced Hungarian institute in this regard. Our primary goal is to draw on a local tradition of research, with which we can contribute to the international scientific sphere through exploratory research and valuable contributions in service of a common good and a brighter future.                            <\/div>\n                        <\/div>\n                    <\/div>\n                    <div class=\"right\">\n                        <img decoding=\"async\" src=\"https:\/\/vgi.krtk.hu\/wp-content\/uploads\/2022\/09\/mta.jpg\" \/>\n                        <svg class=\"triangle\" width=\"350\" height=\"350\">\n                            <path d=\"M 0 0 V 350 H 350 Z\" style=\"fill: rgba(184, 0, 0, 1);\"><\/path>\n                        <\/svg>\n                    <\/div>\n                <\/div>\n            <\/div>\n        <\/div>\n\n        <style>\n            .hero-banner .swiper-slide {\n                background: linear-gradient(97deg, rgba(184, 0, 0, 1) 0%, rgb(184, 0, 0) 80%);\n\n            }\n\n            @supports ((-webkit-backdrop-filter: blur(50px)) or (backdrop-filter: blur(50px))) {\n                .hero-banner .swiper-slide {\n                    background: linear-gradient(97deg, rgba(184, 0, 0, 1) 0%, rgb(184, 0, 0) 80%);\n                    backdrop-filter: blur(50px) brightness(90%);\n                }\n\n                .blue-title .elementor-widget-container,\n                .blue-title .title-wrapper {\n                    background: rgba(184, 0, 0, 1);\n                    backdrop-filter: blur(50px) brightness(90%);\n                }\n            }\n\n\n            .hero-banner .swiper-slide {\n                display: flex;\n                flex-direction: row;\n            }\n\n\n            .hero-banner .content-wrapper {\n                padding: 0px 0px 0px 40px;\n            }\n\n            .hero-banner .swiper-slide {\n                height: 280px;\n            }\n\n            .hero-banner .swiper-slide .left {\n                flex-grow: 1;\n                z-index: 1;\n            }\n\n            .hero-banner .swiper-slide .right {\n                flex-basis: 55%;\n                flex-grow: 0;\n                flex-shrink: 0;\n                position: relative;\n                overflow: hidden;\n            }\n\n            .hero-banner .swiper-slide .right img {\n                height: 100%;\n                width: 100%;\n                object-fit: cover;\n                \/* border-left: rgba(184, 0, 0, 0.1) solid 1px; *\/\n\n            }\n\n\n            .hero-banner .swiper-slide .left {\n                display: flex;\n                flex-direction: column;\n                justify-content: center;\n            }\n\n            .hero-banner .title {\n                color: white;\n                font-family: \"Avenir\", \"Roboto\", Helvetica, sans-serif;\n                font-size: 30px;\n                font-weight: normal;\n                line-height: 1em;\n            }\n\n            .hero-banner .title .read-more {\n                display: none;\n            }\n\n            .hero-banner .left .triangle {\n                display: none;\n                width: 350px;\n                height: 350px;\n            }\n\n            .hero-banner .text {\n                color: white;\n                font-family: \"Avenir\", \"Roboto\", Helvetica, sans-serif;\n                font-size: 17px;\n                line-height: 17px;\n                margin: 0;\n            }\n\n            .hero-banner .swiper-pagination-bullets .swiper-pagination-bullet {\n                background-color: #D8D8D8;\n                opacity: 1;\n            }\n\n            .hero-banner .swiper-pagination-bullets .swiper-pagination-bullet-active {\n                border: 1px solid #D6D6D6;\n                background-color: white;\n            }\n\n            .hero-banner .right .triangle {\n                position: absolute;\n                top: 0px;\n                left: 0px;\n                width: 350px;\n                height: 350px;\n            }\n\n            @media (max-width: 1023px) {\n                .hero-banner .title {\n                    margin: 0;\n                    font-size: 25px;\n                }\n            }\n\n            @media (max-width: 767px) {\n                .hero-banner .swiper-slide {\n                    height: 500px;\n                }\n\n                .post-items.posts-2-column {\n                    grid-template-columns: repeat(1, 1fr)\n                }\n\n                .hero-banner .swiper-slide {\n                    flex-direction: column;\n                }\n\n                .hero-banner .swiper-slide .left {\n                    position: absolute;\n                    bottom: 0;\n                    left: 0;\n                    width: 100%;\n                    clip-path: polygon(90% 0, 100% 10%, 100% 100%, 0 100%, 0 0);\n                    -webkit-clip-path: polygon(90% 0, 100% 10%, 100% 100%, 0 100%, 0 0);\n                }\n\n\n                .hero-banner .content-wrapper {\n                    padding: 22px;\n                    background: rgba(184, 0, 0, 1);\n                    backdrop-filter: blur(50px) brightness(90%);\n                }\n\n                .hero-banner .title {\n                    margin: 0;\n                    font-size: 20px;\n                    margin-bottom: 8px;\n                }\n\n                .hero-banner .text {\n                    font-size: 12px;\n                    line-height: 14px;\n                }\n\n                .hero-banner .left .triangle {\n                    display: none;\n\n                }\n\n                .hero-banner .swiper-slide .right {\n                    flex-basis: 100%;\n                }\n\n                .hero-banner .right .triangle {\n                    display: none;\n                }\n\n                .hero-banner .swiper-slide .right img {\n                    border: none;\n                }\n            }\n        <\/style>\n\t\t\t\t<\/div>\n\t\t\t\t<\/div>\n\t\t\t\t\t<\/div>\n\t\t<\/div>\n\t\t\t\t\t<\/div>\n\t\t<\/section>\n\t\t\t\t<section class=\"elementor-section elementor-top-section elementor-element elementor-element-24f536a elementor-section-full_width elementor-section-height-default elementor-section-height-default\" data-id=\"24f536a\" data-element_type=\"section\">\n\t\t\t\t\t\t<div class=\"elementor-container elementor-column-gap-no\">\n\t\t\t\t\t<div class=\"elementor-column elementor-col-100 elementor-top-column elementor-element elementor-element-c68dc46\" data-id=\"c68dc46\" data-element_type=\"column\">\n\t\t\t<div class=\"elementor-widget-wrap elementor-element-populated\">\n\t\t\t\t\t\t\t<\/div>\n\t\t<\/div>\n\t\t\t\t\t<\/div>\n\t\t<\/section>\n\t\t\t\t<section class=\"elementor-section elementor-top-section elementor-element elementor-element-1af83bc elementor-section-boxed elementor-section-height-default elementor-section-height-default\" data-id=\"1af83bc\" data-element_type=\"section\">\n\t\t\t\t\t\t<div class=\"elementor-container elementor-column-gap-custom\">\n\t\t\t\t\t<div class=\"elementor-column elementor-col-50 elementor-top-column elementor-element elementor-element-f917abf\" data-id=\"f917abf\" data-element_type=\"column\">\n\t\t\t<div class=\"elementor-widget-wrap elementor-element-populated\">\n\t\t\t\t\t\t<div class=\"elementor-element elementor-element-5908139 blue-title elementor-widget elementor-widget-heading\" data-id=\"5908139\" data-element_type=\"widget\" data-widget_type=\"heading.default\">\n\t\t\t\t<div class=\"elementor-widget-container\">\n\t\t\t\t\t<h2 class=\"elementor-heading-title elementor-size-default\"><a href=\"\/en\/news\">News<\/a><\/h2>\t\t\t\t<\/div>\n\t\t\t\t<\/div>\n\t\t\t\t<div class=\"elementor-element elementor-element-782ef7a elementor-widget elementor-widget-homepage_news\" data-id=\"782ef7a\" data-element_type=\"widget\" data-widget_type=\"homepage_news.default\">\n\t\t\t\t<div class=\"elementor-widget-container\">\n\t\t\t\t\t\t\t<div class=\"posts-box \n\t\t\t\t \n\t\t\t\t\t\t\t\t\">\n\t\t\t\t<div class=\"post-items posts-1-column\">\n\t\t\t<div class=\"post-item\">\n\t\t<div class=\"row-1\">\n\t\t\t<a class=\"image\" href=\"https:\/\/vgi.krtk.hu\/en\/the-institute-of-world-economics-has-been-named-an-mta-centre-of-excellence\/\" >\n\t\t\t\t<div class=\"image-wrapper\">\n\t\t\t\t\t<img fetchpriority=\"high\" decoding=\"async\" width=\"300\" height=\"401\" src=\"https:\/\/vgi.krtk.hu\/wp-content\/uploads\/2025\/05\/MTA-centre-of-excellence-300x401.png\" class=\"attachment-loop-thumbnail size-loop-thumbnail wp-post-image\" alt=\"\" srcset=\"https:\/\/vgi.krtk.hu\/wp-content\/uploads\/2025\/05\/MTA-centre-of-excellence-300x401.png 300w, https:\/\/vgi.krtk.hu\/wp-content\/uploads\/2025\/05\/MTA-centre-of-excellence-224x300.png 224w, https:\/\/vgi.krtk.hu\/wp-content\/uploads\/2025\/05\/MTA-centre-of-excellence-766x1024.png 766w, https:\/\/vgi.krtk.hu\/wp-content\/uploads\/2025\/05\/MTA-centre-of-excellence-768x1026.png 768w, https:\/\/vgi.krtk.hu\/wp-content\/uploads\/2025\/05\/MTA-centre-of-excellence.png 823w\" sizes=\"(max-width: 300px) 100vw, 300px\" \/>\t\t\t\t<\/div>\n\t\t\t<\/a>\n\t\t\t<div class=\"text\">\n\t\t\t\t<h3 class=\"title\">\n\t\t\t\t\t<a href=\"https:\/\/vgi.krtk.hu\/en\/the-institute-of-world-economics-has-been-named-an-mta-centre-of-excellence\/\" >\n\t\t\t\t\t\tThe Institute of World Economics has been named an MTA Centre of&nbsp;...\t\t\t\t\t<\/a>\n\t\t\t\t<\/h3>\n\t\t\t\t<p class=\"datetime\">\n\t\t\t\t\t\t\t\t\t\t\t\t<span class=\"date\">May 28, 2025<\/span>\n\t\t\t\t\t\t\t\t\t\t\t\t<span class=\"separator\">|<\/span>\n\t\t\t\t\t\t<span class=\"time\">09:48<\/span>\n\t\t\t\t\t\t\t\t\t<\/p>\n\t\t\t\t<p class=\"excrept-text\">\n\t\t\t\t\t\t\t\t\t<\/p>\n\t\t\t\t<a class=\"read-more\" href=\"https:\/\/vgi.krtk.hu\/en\/the-institute-of-world-economics-has-been-named-an-mta-centre-of-excellence\/\" >\n\t\t\t\t\tRead more\t\t\t\t<\/a>\n\t\t\t<\/div>\n\t\t<\/div>\n\t\t<div class=\"row-2\">\n\t\t\t<div class=\"text\">\n\t\t\t\t<p class=\"datetime\">\n\t\t\t\t\t\t\t\t\t\t\t<span class=\"date\">2025.05.28.<\/span>\n\t\t\t\t\t\t<span class=\"separator\">|<\/span>\n\t\t\t\t\t\t<span class=\"time\">09:48<\/span>\n\t\t\t\t\t\t\t\t\t<\/p>\n\t\t\t\t<a class=\"read-more\" href=\"https:\/\/vgi.krtk.hu\/en\/the-institute-of-world-economics-has-been-named-an-mta-centre-of-excellence\/\" >\n\t\t\t\t\tRead more\t\t\t\t<\/a>\n\t\t\t<\/div>\n\t\t<\/div>\n\t<\/div>\n\t<div class=\"post-item\">\n\t\t<div class=\"row-1\">\n\t\t\t<a class=\"image\" href=\"https:\/\/vgi.krtk.hu\/en\/call-for-papers-6th-visegrad-conference\/\" >\n\t\t\t\t<div class=\"image-wrapper\">\n\t\t\t\t\t<img decoding=\"async\" width=\"300\" height=\"401\" src=\"https:\/\/vgi.krtk.hu\/wp-content\/uploads\/2026\/04\/6th-Visegrad-300x401.png\" class=\"attachment-loop-thumbnail size-loop-thumbnail wp-post-image\" alt=\"\" srcset=\"https:\/\/vgi.krtk.hu\/wp-content\/uploads\/2026\/04\/6th-Visegrad-300x401.png 300w, https:\/\/vgi.krtk.hu\/wp-content\/uploads\/2026\/04\/6th-Visegrad-224x300.png 224w, https:\/\/vgi.krtk.hu\/wp-content\/uploads\/2026\/04\/6th-Visegrad-766x1024.png 766w, https:\/\/vgi.krtk.hu\/wp-content\/uploads\/2026\/04\/6th-Visegrad-768x1026.png 768w, https:\/\/vgi.krtk.hu\/wp-content\/uploads\/2026\/04\/6th-Visegrad.png 823w\" sizes=\"(max-width: 300px) 100vw, 300px\" \/>\t\t\t\t<\/div>\n\t\t\t<\/a>\n\t\t\t<div class=\"text\">\n\t\t\t\t<h3 class=\"title\">\n\t\t\t\t\t<a href=\"https:\/\/vgi.krtk.hu\/en\/call-for-papers-6th-visegrad-conference\/\" >\n\t\t\t\t\t\tCall For Papers: 6th Visegrad Conference\t\t\t\t\t<\/a>\n\t\t\t\t<\/h3>\n\t\t\t\t<p class=\"datetime\">\n\t\t\t\t\t\t\t\t\t\t\t\t<span class=\"date\">Apr 15, 2026<\/span>\n\t\t\t\t\t\t\t\t\t\t\t\t<span class=\"separator\">|<\/span>\n\t\t\t\t\t\t<span class=\"time\">22:20<\/span>\n\t\t\t\t\t\t\t\t\t<\/p>\n\t\t\t\t<p class=\"excrept-text\">\n\t\t\t\t\t\t\t\t\t<\/p>\n\t\t\t\t<a class=\"read-more\" href=\"https:\/\/vgi.krtk.hu\/en\/call-for-papers-6th-visegrad-conference\/\" >\n\t\t\t\t\tRead more\t\t\t\t<\/a>\n\t\t\t<\/div>\n\t\t<\/div>\n\t\t<div class=\"row-2\">\n\t\t\t<div class=\"text\">\n\t\t\t\t<p class=\"datetime\">\n\t\t\t\t\t\t\t\t\t\t\t<span class=\"date\">2026.04.15.<\/span>\n\t\t\t\t\t\t<span class=\"separator\">|<\/span>\n\t\t\t\t\t\t<span class=\"time\">22:20<\/span>\n\t\t\t\t\t\t\t\t\t<\/p>\n\t\t\t\t<a class=\"read-more\" href=\"https:\/\/vgi.krtk.hu\/en\/call-for-papers-6th-visegrad-conference\/\" >\n\t\t\t\t\tRead more\t\t\t\t<\/a>\n\t\t\t<\/div>\n\t\t<\/div>\n\t<\/div>\n\t<div class=\"post-item\">\n\t\t<div class=\"row-1\">\n\t\t\t<a class=\"image\" href=\"https:\/\/vgi.krtk.hu\/en\/john-szabo-wins-academic-youth-award\/\" >\n\t\t\t\t<div class=\"image-wrapper\">\n\t\t\t\t\t<img decoding=\"async\" width=\"300\" height=\"200\" src=\"https:\/\/vgi.krtk.hu\/wp-content\/uploads\/2026\/02\/55113379366_676a54d16d_o-300x200.png\" class=\"attachment-loop-thumbnail size-loop-thumbnail wp-post-image\" alt=\"\" srcset=\"https:\/\/vgi.krtk.hu\/wp-content\/uploads\/2026\/02\/55113379366_676a54d16d_o-300x200.png 300w, https:\/\/vgi.krtk.hu\/wp-content\/uploads\/2026\/02\/55113379366_676a54d16d_o-1024x683.png 1024w, https:\/\/vgi.krtk.hu\/wp-content\/uploads\/2026\/02\/55113379366_676a54d16d_o-768x512.png 768w, https:\/\/vgi.krtk.hu\/wp-content\/uploads\/2026\/02\/55113379366_676a54d16d_o-1536x1024.png 1536w, https:\/\/vgi.krtk.hu\/wp-content\/uploads\/2026\/02\/55113379366_676a54d16d_o-2048x1365.png 2048w\" sizes=\"(max-width: 300px) 100vw, 300px\" \/>\t\t\t\t<\/div>\n\t\t\t<\/a>\n\t\t\t<div class=\"text\">\n\t\t\t\t<h3 class=\"title\">\n\t\t\t\t\t<a href=\"https:\/\/vgi.krtk.hu\/en\/john-szabo-wins-academic-youth-award\/\" >\n\t\t\t\t\t\tJohn Szabo wins Academic Youth Award\t\t\t\t\t<\/a>\n\t\t\t\t<\/h3>\n\t\t\t\t<p class=\"datetime\">\n\t\t\t\t\t\t\t\t\t\t\t\t<span class=\"date\">Feb 26, 2026<\/span>\n\t\t\t\t\t\t\t\t\t\t\t\t<span class=\"separator\">|<\/span>\n\t\t\t\t\t\t<span class=\"time\">13:05<\/span>\n\t\t\t\t\t\t\t\t\t<\/p>\n\t\t\t\t<p class=\"excrept-text\">\n\t\t\t\t\t\t\t\t\t<\/p>\n\t\t\t\t<a class=\"read-more\" href=\"https:\/\/vgi.krtk.hu\/en\/john-szabo-wins-academic-youth-award\/\" >\n\t\t\t\t\tRead more\t\t\t\t<\/a>\n\t\t\t<\/div>\n\t\t<\/div>\n\t\t<div class=\"row-2\">\n\t\t\t<div class=\"text\">\n\t\t\t\t<p class=\"datetime\">\n\t\t\t\t\t\t\t\t\t\t\t<span class=\"date\">2026.02.26.<\/span>\n\t\t\t\t\t\t<span class=\"separator\">|<\/span>\n\t\t\t\t\t\t<span class=\"time\">13:05<\/span>\n\t\t\t\t\t\t\t\t\t<\/p>\n\t\t\t\t<a class=\"read-more\" href=\"https:\/\/vgi.krtk.hu\/en\/john-szabo-wins-academic-youth-award\/\" >\n\t\t\t\t\tRead more\t\t\t\t<\/a>\n\t\t\t<\/div>\n\t\t<\/div>\n\t<\/div>\n\t<div class=\"post-item\">\n\t\t<div class=\"row-1\">\n\t\t\t<a class=\"image\" href=\"https:\/\/vgi.krtk.hu\/en\/andrea-elteto-in-behind-the-batteries-hidden-costs-of-green-mobility-documentary\/\" >\n\t\t\t\t<div class=\"image-wrapper\">\n\t\t\t\t\t<img loading=\"lazy\" decoding=\"async\" width=\"300\" height=\"240\" src=\"https:\/\/vgi.krtk.hu\/wp-content\/uploads\/2026\/02\/a2320c36-95be-4938-9d00-8b083c90232e-300x240.png\" class=\"attachment-loop-thumbnail size-loop-thumbnail wp-post-image\" alt=\"\" srcset=\"https:\/\/vgi.krtk.hu\/wp-content\/uploads\/2026\/02\/a2320c36-95be-4938-9d00-8b083c90232e-300x240.png 300w, https:\/\/vgi.krtk.hu\/wp-content\/uploads\/2026\/02\/a2320c36-95be-4938-9d00-8b083c90232e-1024x819.png 1024w, https:\/\/vgi.krtk.hu\/wp-content\/uploads\/2026\/02\/a2320c36-95be-4938-9d00-8b083c90232e-768x614.png 768w, https:\/\/vgi.krtk.hu\/wp-content\/uploads\/2026\/02\/a2320c36-95be-4938-9d00-8b083c90232e.png 1280w\" sizes=\"(max-width: 300px) 100vw, 300px\" \/>\t\t\t\t<\/div>\n\t\t\t<\/a>\n\t\t\t<div class=\"text\">\n\t\t\t\t<h3 class=\"title\">\n\t\t\t\t\t<a href=\"https:\/\/vgi.krtk.hu\/en\/andrea-elteto-in-behind-the-batteries-hidden-costs-of-green-mobility-documentary\/\" >\n\t\t\t\t\t\tAndrea \u00c9ltet\u0151 in Behind the Batteries: Hidden Costs of Green&nbsp;...\t\t\t\t\t<\/a>\n\t\t\t\t<\/h3>\n\t\t\t\t<p class=\"datetime\">\n\t\t\t\t\t\t\t\t\t\t\t\t<span class=\"date\">Feb 20, 2026<\/span>\n\t\t\t\t\t\t\t\t\t\t\t\t<span class=\"separator\">|<\/span>\n\t\t\t\t\t\t<span class=\"time\">16:07<\/span>\n\t\t\t\t\t\t\t\t\t<\/p>\n\t\t\t\t<p class=\"excrept-text\">\n\t\t\t\t\t\t\t\t\t<\/p>\n\t\t\t\t<a class=\"read-more\" href=\"https:\/\/vgi.krtk.hu\/en\/andrea-elteto-in-behind-the-batteries-hidden-costs-of-green-mobility-documentary\/\" >\n\t\t\t\t\tRead more\t\t\t\t<\/a>\n\t\t\t<\/div>\n\t\t<\/div>\n\t\t<div class=\"row-2\">\n\t\t\t<div class=\"text\">\n\t\t\t\t<p class=\"datetime\">\n\t\t\t\t\t\t\t\t\t\t\t<span class=\"date\">2026.02.20.<\/span>\n\t\t\t\t\t\t<span class=\"separator\">|<\/span>\n\t\t\t\t\t\t<span class=\"time\">16:07<\/span>\n\t\t\t\t\t\t\t\t\t<\/p>\n\t\t\t\t<a class=\"read-more\" href=\"https:\/\/vgi.krtk.hu\/en\/andrea-elteto-in-behind-the-batteries-hidden-costs-of-green-mobility-documentary\/\" >\n\t\t\t\t\tRead more\t\t\t\t<\/a>\n\t\t\t<\/div>\n\t\t<\/div>\n\t<\/div>\n\t<div class=\"post-item\">\n\t\t<div class=\"row-1\">\n\t\t\t<a class=\"image\" href=\"https:\/\/vgi.krtk.hu\/en\/call-for-papers-12th-svoc-2026-conference\/\" >\n\t\t\t\t<div class=\"image-wrapper\">\n\t\t\t\t\t<img loading=\"lazy\" decoding=\"async\" width=\"300\" height=\"401\" src=\"https:\/\/vgi.krtk.hu\/wp-content\/uploads\/2026\/01\/12th-SVOC-allo--300x401.png\" class=\"attachment-loop-thumbnail size-loop-thumbnail wp-post-image\" alt=\"\" srcset=\"https:\/\/vgi.krtk.hu\/wp-content\/uploads\/2026\/01\/12th-SVOC-allo--300x401.png 300w, https:\/\/vgi.krtk.hu\/wp-content\/uploads\/2026\/01\/12th-SVOC-allo--224x300.png 224w, https:\/\/vgi.krtk.hu\/wp-content\/uploads\/2026\/01\/12th-SVOC-allo--766x1024.png 766w, https:\/\/vgi.krtk.hu\/wp-content\/uploads\/2026\/01\/12th-SVOC-allo--768x1026.png 768w, https:\/\/vgi.krtk.hu\/wp-content\/uploads\/2026\/01\/12th-SVOC-allo-.png 823w\" sizes=\"(max-width: 300px) 100vw, 300px\" \/>\t\t\t\t<\/div>\n\t\t\t<\/a>\n\t\t\t<div class=\"text\">\n\t\t\t\t<h3 class=\"title\">\n\t\t\t\t\t<a href=\"https:\/\/vgi.krtk.hu\/en\/call-for-papers-12th-svoc-2026-conference\/\" >\n\t\t\t\t\t\tCall For Papers \u2013 12th SVOC 2026 Conference\t\t\t\t\t<\/a>\n\t\t\t\t<\/h3>\n\t\t\t\t<p class=\"datetime\">\n\t\t\t\t\t\t\t\t\t\t\t\t<span class=\"date\">Jan 13, 2026<\/span>\n\t\t\t\t\t\t\t\t\t\t\t\t<span class=\"separator\">|<\/span>\n\t\t\t\t\t\t<span class=\"time\">10:36<\/span>\n\t\t\t\t\t\t\t\t\t<\/p>\n\t\t\t\t<p class=\"excrept-text\">\n\t\t\t\t\t\t\t\t\t<\/p>\n\t\t\t\t<a class=\"read-more\" href=\"https:\/\/vgi.krtk.hu\/en\/call-for-papers-12th-svoc-2026-conference\/\" >\n\t\t\t\t\tRead more\t\t\t\t<\/a>\n\t\t\t<\/div>\n\t\t<\/div>\n\t\t<div class=\"row-2\">\n\t\t\t<div class=\"text\">\n\t\t\t\t<p class=\"datetime\">\n\t\t\t\t\t\t\t\t\t\t\t<span class=\"date\">2026.01.13.<\/span>\n\t\t\t\t\t\t<span class=\"separator\">|<\/span>\n\t\t\t\t\t\t<span class=\"time\">10:36<\/span>\n\t\t\t\t\t\t\t\t\t<\/p>\n\t\t\t\t<a class=\"read-more\" href=\"https:\/\/vgi.krtk.hu\/en\/call-for-papers-12th-svoc-2026-conference\/\" >\n\t\t\t\t\tRead more\t\t\t\t<\/a>\n\t\t\t<\/div>\n\t\t<\/div>\n\t<\/div>\n\t<\/div>\n\t\t\t\t<div class=\"read-more\">\n\n\t\t\t\t\t<a href=\"\n\t\t\t\t\t\thttps:\/\/vgi.krtk.hu\/kategoria\/hirek\/hirek-2\/\t\t\t\t\t\">\n\t\t\t\t\t\t<p>\n\t\t\t\t\t\t\tTov\u00e1bbi h\u00edrek\t\t\t\t\t\t<\/p>\n\t\t\t\t\t<\/a>\n\n\t\t\t\t<\/div>\n\t\t\t\t\t<\/div>\n\t\t\t\t<\/div>\n\t\t\t\t<\/div>\n\t\t\t\t\t<\/div>\n\t\t<\/div>\n\t\t\t\t<div class=\"elementor-column elementor-col-50 elementor-top-column elementor-element elementor-element-0b8e161\" data-id=\"0b8e161\" data-element_type=\"column\">\n\t\t\t<div class=\"elementor-widget-wrap elementor-element-populated\">\n\t\t\t\t\t\t<div class=\"elementor-element elementor-element-a2c0371 elementor-hidden-tablet elementor-hidden-mobile elementor-widget elementor-widget-homepage_l\" data-id=\"a2c0371\" data-element_type=\"widget\" data-widget_type=\"homepage_l.default\">\n\t\t\t\t<div class=\"elementor-widget-container\">\n\t\t\t\t\t    <div class=\"l-shape\">\n      <div class=\"first-row\">\n        <div class=\"left-1\">\n          <div class=\"blue-title\">\n            <div class=\"title-wrapper\">\n              <h2 class=\"title\">\n                                    <a href=\"\/en\/news\/events\">\n                      <!-- Link opening tag en -->\n                                        Events                    <\/a><!-- Link closing tag -->\n              <\/h2>\n            <\/div>\n          <\/div>\n          \t<div class=\"post-item\">\n\t\t<div class=\"row-1\">\n\t\t\t<a class=\"image\" href=\"https:\/\/krtk.elte.hu\/en\/esemeny\/hungary-and-turkiye-100-years-of-diplomatic-relations-history-diplomacy-and-economy-conference-2\/\" target=\"_blank\">\n\t\t\t\t<div class=\"image-wrapper\">\n\t\t\t\t\t<img loading=\"lazy\" width=\"300\" height=\"401\" src=\"https:\/\/krtk.elte.hu\/wp-content\/uploads\/2025\/11\/38357_thumbnail-300x401.png\" class=\"attachment-loop-thumbnail size-loop-thumbnail wp-post-image\" alt=\"\" decoding=\"async\" srcset=\"https:\/\/krtk.elte.hu\/wp-content\/uploads\/2025\/11\/38357_thumbnail-300x401.png 300w, https:\/\/krtk.elte.hu\/wp-content\/uploads\/2025\/11\/38357_thumbnail-224x300.png 224w, https:\/\/krtk.elte.hu\/wp-content\/uploads\/2025\/11\/38357_thumbnail-766x1024.png 766w, https:\/\/krtk.elte.hu\/wp-content\/uploads\/2025\/11\/38357_thumbnail-768x1026.png 768w, https:\/\/krtk.elte.hu\/wp-content\/uploads\/2025\/11\/38357_thumbnail.png 823w\" sizes=\"(max-width: 300px) 100vw, 300px\" \/>\t\t\t\t<\/div>\n\t\t\t<\/a>\n\t\t\t<div class=\"text\">\n\t\t\t\t<h3 class=\"title\">\n\t\t\t\t\t<a href=\"https:\/\/krtk.elte.hu\/en\/esemeny\/hungary-and-turkiye-100-years-of-diplomatic-relations-history-diplomacy-and-economy-conference-2\/\" target=\"_blank\">\n\t\t\t\t\t\tHungary and T\u00fcrkiye: 100 years of diplomatic relations, history,&nbsp;...\t\t\t\t\t<\/a>\n\t\t\t\t<\/h3>\n\t\t\t\t<p class=\"datetime \">\n\t\t\t\t\t<span class=\"date\">2025.12.02.<\/span>\n\t\t\t\t<\/p>\n\t\t\t\t\t\t\t\t<a class=\"read-more\" href=\"https:\/\/krtk.elte.hu\/en\/esemeny\/hungary-and-turkiye-100-years-of-diplomatic-relations-history-diplomacy-and-economy-conference-2\/\" target=\"_blank\">\n\t\t\t\t\tRead more\t\t\t\t<\/a>\n\t\t\t<\/div>\n\t\t<\/div>\n\t\t<div class=\"row-2\">\n\t\t\t<div class=\"text\">\n\t\t\t\t\n\t\t\t\t\t\t\t\t\t<a class=\"read-more\" href=\"https:\/\/krtk.elte.hu\/en\/esemeny\/hungary-and-turkiye-100-years-of-diplomatic-relations-history-diplomacy-and-economy-conference-2\/\" target=\"_blank\">\n\t\t\t\t\t\tRead more\t\t\t\t\t<\/a>\n\t\t\t\t\t\t\t<\/div>\n\t\t\t\t\t<\/div>\n\t<\/div>\n        <\/div>\n        <div class=\"left-2\">\n          \t<div class=\"calendar-container\" ajaxurl=\"https:\/\/krtk.hu\/wp-admin\/admin-ajax.php\" locale=\"en_US\">\n\t\t<div class=\"calendar-content\">\n\t\t\t<div class=\"top-row\">\n\t\t\t\t\t\t\t\t<div class=\"change-month previous-month\" year=\"2026\" month=\"04\">\n\t\t\t\t\t<i class=\"fa-solid fa-angle-left\"><\/i>\n\t\t\t\t<\/div>\n\t\t\t\t<div class=\"date-container\">\n\t\t\t\t\t<span class=\"year-text\">2026. &nbsp;<\/span>\n\t\t\t\t\t<span class=\"month-text\">May<\/span>\n\t\t\t\t\t<span class=\"day-text\">&nbsp;03.<\/span>\n\t\t\t\t<\/div>\n\t\t\t\t<div class=\"change-month next-month\" year=\"2026\" month=\"06\">\n\t\t\t\t\t<i class=\"fa-solid fa-angle-right\"><\/i>\n\t\t\t\t<\/div>\n\t\t\t<\/div>\n\t\t\t<div class=\"bottom-row\">\n\t\t\t\t<div class=\"calendar-grid\">\n\t\t\t\t\t\t\t\t\t\t\t<p class=\"calendar-grid-item day-name\">M<\/p>\n\t\t\t\t\t\t\t\t\t\t\t<p class=\"calendar-grid-item day-name\">T<\/p>\n\t\t\t\t\t\t\t\t\t\t\t<p class=\"calendar-grid-item day-name\">W<\/p>\n\t\t\t\t\t\t\t\t\t\t\t<p class=\"calendar-grid-item day-name\">T<\/p>\n\t\t\t\t\t\t\t\t\t\t\t<p class=\"calendar-grid-item day-name\">F<\/p>\n\t\t\t\t\t\t\t\t\t\t\t<p class=\"calendar-grid-item day-name\">S<\/p>\n\t\t\t\t\t\t\t\t\t\t\t<p class=\"calendar-grid-item day-name\">S<\/p>\n\t\t\t\t\t\t\t\t\t\t<div class=\"calendar-grid-item previous-month\"><p class=\"day-circle\">27<\/p><\/div><div class=\"calendar-grid-item previous-month\"><p class=\"day-circle\">28<\/p><\/div><div class=\"calendar-grid-item previous-month\"><p class=\"day-circle\">29<\/p><\/div><div class=\"calendar-grid-item previous-month\"><p class=\"day-circle\">30<\/p><\/div><div class=\"calendar-grid-item current-month\"><p class=\"day-circle\">1<\/p><\/div><div class=\"calendar-grid-item current-month\"><p class=\"day-circle\">2<\/p><\/div><div class=\"calendar-grid-item current-month current-day\"><p class=\"day-circle\">3<\/p><\/div><div class=\"calendar-grid-item current-month\"><p class=\"day-circle\">4<\/p><\/div><div class=\"calendar-grid-item current-month\"><p class=\"day-circle\">5<\/p><\/div><div class=\"calendar-grid-item current-month\"><p class=\"day-circle\">6<\/p><\/div><div class=\"calendar-grid-item current-month\"><p class=\"day-circle\">7<\/p><\/div><div class=\"calendar-grid-item current-month\"><p class=\"day-circle\">8<\/p><\/div><div class=\"calendar-grid-item current-month\"><p class=\"day-circle\">9<\/p><\/div><div class=\"calendar-grid-item current-month\"><p class=\"day-circle\">10<\/p><\/div><div class=\"calendar-grid-item current-month\"><p class=\"day-circle\">11<\/p><\/div><div class=\"calendar-grid-item current-month\"><p class=\"day-circle\">12<\/p><\/div><div class=\"calendar-grid-item current-month\"><p class=\"day-circle\">13<\/p><\/div><div class=\"calendar-grid-item current-month\"><p class=\"day-circle\">14<\/p><\/div><div class=\"calendar-grid-item current-month\"><p class=\"day-circle\">15<\/p><\/div><div class=\"calendar-grid-item current-month\"><p class=\"day-circle\">16<\/p><\/div><div class=\"calendar-grid-item current-month\"><p class=\"day-circle\">17<\/p><\/div><div class=\"calendar-grid-item current-month\"><p class=\"day-circle\">18<\/p><\/div><div class=\"calendar-grid-item current-month\"><p class=\"day-circle\">19<\/p><\/div><div class=\"calendar-grid-item current-month\"><p class=\"day-circle\">20<\/p><\/div><div class=\"calendar-grid-item current-month\"><p class=\"day-circle\">21<\/p><\/div><div class=\"calendar-grid-item current-month\"><p class=\"day-circle\">22<\/p><\/div><div class=\"calendar-grid-item current-month\"><p class=\"day-circle\">23<\/p><\/div><div class=\"calendar-grid-item current-month\"><p class=\"day-circle\">24<\/p><\/div><div class=\"calendar-grid-item current-month\"><p class=\"day-circle\">25<\/p><\/div><div class=\"calendar-grid-item current-month\"><p class=\"day-circle\">26<\/p><\/div><div class=\"calendar-grid-item current-month\"><p class=\"day-circle\">27<\/p><\/div><div class=\"calendar-grid-item current-month\"><p class=\"day-circle\">28<\/p><\/div><div class=\"calendar-grid-item current-month\"><p class=\"day-circle\">29<\/p><\/div><div class=\"calendar-grid-item current-month\"><p class=\"day-circle\">30<\/p><\/div><div class=\"calendar-grid-item current-month\"><p class=\"day-circle\">31<\/p><\/div><div class=\"calendar-grid-item next-month\"><p class=\"day-circle\">1<\/p><\/div><div class=\"calendar-grid-item next-month\"><p class=\"day-circle\">2<\/p><\/div><div class=\"calendar-grid-item next-month\"><p class=\"day-circle\">3<\/p><\/div><div class=\"calendar-grid-item next-month\"><p class=\"day-circle\">4<\/p><\/div><div class=\"calendar-grid-item next-month\"><p class=\"day-circle\">5<\/p><\/div><div class=\"calendar-grid-item next-month\"><p class=\"day-circle\">6<\/p><\/div><div class=\"calendar-grid-item next-month\"><p class=\"day-circle\">7<\/p><\/div>\t\t\t\t<\/div>\n\t\t\t<\/div>\n\t\t<\/div>\n\n\t\t<div class=\"loading-overlay hide\"><\/div>\n\t<\/div>\n        <\/div>\n      <\/div>\n      <div class=\"second-row\">\n        <div class=\"left-3\">\n          \t<div class=\"post-item\">\n\t\t<div class=\"row-1\">\n\t\t\t<a class=\"image\" href=\"https:\/\/krtk.elte.hu\/en\/esemeny\/5th-viesgrad-conference\/\" target=\"_blank\">\n\t\t\t\t<div class=\"image-wrapper\">\n\t\t\t\t\t<img loading=\"lazy\" width=\"300\" height=\"401\" src=\"https:\/\/krtk.elte.hu\/wp-content\/uploads\/2025\/04\/34795_thumbnail-300x401.png\" class=\"attachment-loop-thumbnail size-loop-thumbnail wp-post-image\" alt=\"\" decoding=\"async\" srcset=\"https:\/\/krtk.elte.hu\/wp-content\/uploads\/2025\/04\/34795_thumbnail-300x401.png 300w, https:\/\/krtk.elte.hu\/wp-content\/uploads\/2025\/04\/34795_thumbnail-224x300.png 224w, https:\/\/krtk.elte.hu\/wp-content\/uploads\/2025\/04\/34795_thumbnail-766x1024.png 766w, https:\/\/krtk.elte.hu\/wp-content\/uploads\/2025\/04\/34795_thumbnail-768x1026.png 768w, https:\/\/krtk.elte.hu\/wp-content\/uploads\/2025\/04\/34795_thumbnail.png 823w\" sizes=\"(max-width: 300px) 100vw, 300px\" \/>\t\t\t\t<\/div>\n\t\t\t<\/a>\n\t\t\t<div class=\"text\">\n\t\t\t\t<h3 class=\"title\">\n\t\t\t\t\t<a href=\"https:\/\/krtk.elte.hu\/en\/esemeny\/5th-viesgrad-conference\/\" target=\"_blank\">\n\t\t\t\t\t\t5th Visegrad conference\t\t\t\t\t<\/a>\n\t\t\t\t<\/h3>\n\t\t\t\t<p class=\"datetime \">\n\t\t\t\t\t<span class=\"date\">2025.06.05.<\/span>\n\t\t\t\t<\/p>\n\t\t\t\t\t\t\t\t<a class=\"read-more\" href=\"https:\/\/krtk.elte.hu\/en\/esemeny\/5th-viesgrad-conference\/\" target=\"_blank\">\n\t\t\t\t\tRead more\t\t\t\t<\/a>\n\t\t\t<\/div>\n\t\t<\/div>\n\t\t<div class=\"row-2\">\n\t\t\t<div class=\"text\">\n\t\t\t\t\n\t\t\t\t\t\t\t\t\t<a class=\"read-more\" href=\"https:\/\/krtk.elte.hu\/en\/esemeny\/5th-viesgrad-conference\/\" target=\"_blank\">\n\t\t\t\t\t\tRead more\t\t\t\t\t<\/a>\n\t\t\t\t\t\t\t<\/div>\n\t\t\t\t\t<\/div>\n\t<\/div>\n        <\/div>\n        <div class=\"left-4\">\n          \t<div class=\"post-item\">\n\t\t<div class=\"row-1\">\n\t\t\t<a class=\"image\" href=\"https:\/\/krtk.elte.hu\/en\/esemeny\/international-conference-panel-the-challenges-of-de-risking-in-contemporary-eu-china-relations-2\/\" target=\"_blank\">\n\t\t\t\t<div class=\"image-wrapper\">\n\t\t\t\t\t<img loading=\"lazy\" width=\"300\" height=\"401\" src=\"https:\/\/krtk.elte.hu\/wp-content\/uploads\/2024\/11\/31282_thumbnail-300x401.gif\" class=\"attachment-loop-thumbnail size-loop-thumbnail wp-post-image\" alt=\"\" decoding=\"async\" srcset=\"https:\/\/krtk.elte.hu\/wp-content\/uploads\/2024\/11\/31282_thumbnail-300x401.gif 300w, https:\/\/krtk.elte.hu\/wp-content\/uploads\/2024\/11\/31282_thumbnail-224x300.gif 224w, https:\/\/krtk.elte.hu\/wp-content\/uploads\/2024\/11\/31282_thumbnail-766x1024.gif 766w, https:\/\/krtk.elte.hu\/wp-content\/uploads\/2024\/11\/31282_thumbnail-768x1026.gif 768w\" sizes=\"(max-width: 300px) 100vw, 300px\" \/>\t\t\t\t<\/div>\n\t\t\t<\/a>\n\t\t\t<div class=\"text\">\n\t\t\t\t<h3 class=\"title\">\n\t\t\t\t\t<a href=\"https:\/\/krtk.elte.hu\/en\/esemeny\/international-conference-panel-the-challenges-of-de-risking-in-contemporary-eu-china-relations-2\/\" target=\"_blank\">\n\t\t\t\t\t\tInternational Conference Panel - The challenges of de-risking in&nbsp;...\t\t\t\t\t<\/a>\n\t\t\t\t<\/h3>\n\t\t\t\t<p class=\"datetime \">\n\t\t\t\t\t<span class=\"date\">2024.11.14.<\/span>\n\t\t\t\t<\/p>\n\t\t\t\t\t\t\t\t<a class=\"read-more\" href=\"https:\/\/krtk.elte.hu\/en\/esemeny\/international-conference-panel-the-challenges-of-de-risking-in-contemporary-eu-china-relations-2\/\" target=\"_blank\">\n\t\t\t\t\tRead more\t\t\t\t<\/a>\n\t\t\t<\/div>\n\t\t<\/div>\n\t\t<div class=\"row-2\">\n\t\t\t<div class=\"text\">\n\t\t\t\t\n\t\t\t\t\t\t\t\t\t<a class=\"read-more\" href=\"https:\/\/krtk.elte.hu\/en\/esemeny\/international-conference-panel-the-challenges-of-de-risking-in-contemporary-eu-china-relations-2\/\" target=\"_blank\">\n\t\t\t\t\t\tRead more\t\t\t\t\t<\/a>\n\t\t\t\t\t\t\t<\/div>\n\t\t\t\t\t<\/div>\n\t<\/div>\n        <\/div>\n      <\/div>\n              <div class=\"read-more\">\n                      <a href=\"\/en\/events\">\n              <p>\n                More events              <\/p>\n            <\/a>\n                  <\/div>\n          <\/div>\n    <style>\n      .l-shape .left-1 .post-item {\n        border-top-left-radius: 3px;\n        border-top-right-radius: 3px;\n      }\n\n      .l-shape .left-1 .post-item,\n      .l-shape .second-row,\n      .l-shape>.read-more {\n        box-shadow: 0px 3px 6px 0px rgb(0 0 0 \/ 16%);\n        position: relative;\n        border-bottom-left-radius: 3px;\n        border-bottom-right-radius: 3px;\n      }\n\n      .l-shape .second-row {\n        z-index: 1;\n        border-top-right-radius: 3px;\n      }\n\n      .l-shape>.read-more {\n        z-index: 2;\n      }\n\n      .l-shape>.read-more a {\n        position: relative;\n        z-index: 4;\n      }\n\n      .l-shape .left-1 .post-item .read-more {\n        margin-top: 10px;\n      }\n\n      .l-shape .left-1 .post-item:after {\n        content: \"\";\n        position: absolute;\n        display: block;\n        height: 16px;\n        width: 100%;\n        left: 0;\n        bottom: -4px;\n        z-index: 3;\n        background-color: var(--e-global-color-542178c);\n      }\n\n      .l-shape>.read-more:after {\n        content: \"\";\n        position: absolute;\n        display: block;\n        height: 16px;\n        width: 100%;\n        left: 0;\n        top: -4px;\n        z-index: 3;\n        background-color: var(--e-global-color-542178c);\n      }\n\n      .l-shape .title-wrapper {\n        margin-bottom: 16px;\n      }\n\n      .l-shape .title a {\n        color: inherit;\n      }\n\n      .l-shape .first-row {\n        display: grid;\n        grid-template-columns: 1fr 1fr;\n      }\n\n      .l-shape .left-1 {\n        display: flex;\n        flex-direction: column;\n      }\n\n      .l-shape .left-1 .post-item {\n        background-color: var(--e-global-color-542178c);\n        flex-grow: 1;\n      }\n\n      .l-shape .left-1 .post-item,\n      .l-shape .left-3,\n      .l-shape .left-4 {\n        padding: 20px;\n      }\n\n      .l-shape .left-2 {\n        margin-left: 16px;\n        margin-bottom: 16px;\n      }\n\n      .l-shape .second-row {\n        display: grid;\n        grid-template-columns: 1fr 1fr;\n        background-color: var(--e-global-color-542178c);\n      }\n\n      .l-shape .left-3 {\n        padding-right: 20px;\n      }\n\n      .l-shape .read-more {\n        background-color: var(--e-global-color-542178c);\n      }\n\n      .l-shape .calendar-container {\n        border-bottom-left-radius: 0;\n      }\n\n      .l-shape .read-more p {\n        margin-bottom: 0;\n      }\n\n      .l-shape .read-more {\n        padding-bottom: 20px;\n      }\n    <\/style>\n\t\t\t\t<\/div>\n\t\t\t\t<\/div>\n\t\t\t\t<div class=\"elementor-element elementor-element-dfc63e0 blue-title elementor-hidden-desktop elementor-widget elementor-widget-heading\" data-id=\"dfc63e0\" data-element_type=\"widget\" data-widget_type=\"heading.default\">\n\t\t\t\t<div class=\"elementor-widget-container\">\n\t\t\t\t\t<h2 class=\"elementor-heading-title elementor-size-default\"><a href=\"\/en\/news\/events\">EVENTS<\/a><\/h2>\t\t\t\t<\/div>\n\t\t\t\t<\/div>\n\t\t\t\t<div class=\"elementor-element elementor-element-bb206b3 elementor-hidden-desktop elementor-widget elementor-widget-events_widget\" data-id=\"bb206b3\" data-element_type=\"widget\" data-widget_type=\"events_widget.default\">\n\t\t\t\t<div class=\"elementor-widget-container\">\n\t\t\t\t\t        <div class=\"posts-box\">\n            \t<div class=\"post-items posts-1-column\">\n\t\t\t<div class=\"post-item\">\n\t\t<div class=\"row-1\">\n\t\t\t<a class=\"image\" href=\"https:\/\/krtk.elte.hu\/en\/esemeny\/hungary-and-turkiye-100-years-of-diplomatic-relations-history-diplomacy-and-economy-conference-2\/\" target=\"_blank\">\n\t\t\t\t<div class=\"image-wrapper\">\n\t\t\t\t\t<img loading=\"lazy\" width=\"300\" height=\"401\" src=\"https:\/\/krtk.elte.hu\/wp-content\/uploads\/2025\/11\/38357_thumbnail-300x401.png\" class=\"attachment-loop-thumbnail size-loop-thumbnail wp-post-image\" alt=\"\" decoding=\"async\" srcset=\"https:\/\/krtk.elte.hu\/wp-content\/uploads\/2025\/11\/38357_thumbnail-300x401.png 300w, https:\/\/krtk.elte.hu\/wp-content\/uploads\/2025\/11\/38357_thumbnail-224x300.png 224w, https:\/\/krtk.elte.hu\/wp-content\/uploads\/2025\/11\/38357_thumbnail-766x1024.png 766w, https:\/\/krtk.elte.hu\/wp-content\/uploads\/2025\/11\/38357_thumbnail-768x1026.png 768w, https:\/\/krtk.elte.hu\/wp-content\/uploads\/2025\/11\/38357_thumbnail.png 823w\" sizes=\"(max-width: 300px) 100vw, 300px\" \/>\t\t\t\t<\/div>\n\t\t\t<\/a>\n\t\t\t<div class=\"text\">\n\t\t\t\t<h3 class=\"title\">\n\t\t\t\t\t<a href=\"https:\/\/krtk.elte.hu\/en\/esemeny\/hungary-and-turkiye-100-years-of-diplomatic-relations-history-diplomacy-and-economy-conference-2\/\" target=\"_blank\">\n\t\t\t\t\t\tHungary and T\u00fcrkiye: 100 years of diplomatic relations, history,&nbsp;...\t\t\t\t\t<\/a>\n\t\t\t\t<\/h3>\n\t\t\t\t<p class=\"datetime \">\n\t\t\t\t\t<span class=\"date\">2025.12.02.<\/span>\n\t\t\t\t<\/p>\n\t\t\t\t\t\t\t\t<a class=\"read-more\" href=\"https:\/\/krtk.elte.hu\/en\/esemeny\/hungary-and-turkiye-100-years-of-diplomatic-relations-history-diplomacy-and-economy-conference-2\/\" target=\"_blank\">\n\t\t\t\t\tRead more\t\t\t\t<\/a>\n\t\t\t<\/div>\n\t\t<\/div>\n\t\t<div class=\"row-2\">\n\t\t\t<div class=\"text\">\n\t\t\t\t\n\t\t\t\t\t\t\t\t\t<a class=\"read-more\" href=\"https:\/\/krtk.elte.hu\/en\/esemeny\/hungary-and-turkiye-100-years-of-diplomatic-relations-history-diplomacy-and-economy-conference-2\/\" target=\"_blank\">\n\t\t\t\t\t\tRead more\t\t\t\t\t<\/a>\n\t\t\t\t\t\t\t<\/div>\n\t\t\t\t\t<\/div>\n\t<\/div>\n\t<div class=\"post-item\">\n\t\t<div class=\"row-1\">\n\t\t\t<a class=\"image\" href=\"https:\/\/krtk.elte.hu\/en\/esemeny\/5th-viesgrad-conference\/\" target=\"_blank\">\n\t\t\t\t<div class=\"image-wrapper\">\n\t\t\t\t\t<img loading=\"lazy\" width=\"300\" height=\"401\" src=\"https:\/\/krtk.elte.hu\/wp-content\/uploads\/2025\/04\/34795_thumbnail-300x401.png\" class=\"attachment-loop-thumbnail size-loop-thumbnail wp-post-image\" alt=\"\" decoding=\"async\" srcset=\"https:\/\/krtk.elte.hu\/wp-content\/uploads\/2025\/04\/34795_thumbnail-300x401.png 300w, https:\/\/krtk.elte.hu\/wp-content\/uploads\/2025\/04\/34795_thumbnail-224x300.png 224w, https:\/\/krtk.elte.hu\/wp-content\/uploads\/2025\/04\/34795_thumbnail-766x1024.png 766w, https:\/\/krtk.elte.hu\/wp-content\/uploads\/2025\/04\/34795_thumbnail-768x1026.png 768w, https:\/\/krtk.elte.hu\/wp-content\/uploads\/2025\/04\/34795_thumbnail.png 823w\" sizes=\"(max-width: 300px) 100vw, 300px\" \/>\t\t\t\t<\/div>\n\t\t\t<\/a>\n\t\t\t<div class=\"text\">\n\t\t\t\t<h3 class=\"title\">\n\t\t\t\t\t<a href=\"https:\/\/krtk.elte.hu\/en\/esemeny\/5th-viesgrad-conference\/\" target=\"_blank\">\n\t\t\t\t\t\t5th Visegrad conference\t\t\t\t\t<\/a>\n\t\t\t\t<\/h3>\n\t\t\t\t<p class=\"datetime \">\n\t\t\t\t\t<span class=\"date\">2025.06.05.<\/span>\n\t\t\t\t<\/p>\n\t\t\t\t\t\t\t\t<a class=\"read-more\" href=\"https:\/\/krtk.elte.hu\/en\/esemeny\/5th-viesgrad-conference\/\" target=\"_blank\">\n\t\t\t\t\tRead more\t\t\t\t<\/a>\n\t\t\t<\/div>\n\t\t<\/div>\n\t\t<div class=\"row-2\">\n\t\t\t<div class=\"text\">\n\t\t\t\t\n\t\t\t\t\t\t\t\t\t<a class=\"read-more\" href=\"https:\/\/krtk.elte.hu\/en\/esemeny\/5th-viesgrad-conference\/\" target=\"_blank\">\n\t\t\t\t\t\tRead more\t\t\t\t\t<\/a>\n\t\t\t\t\t\t\t<\/div>\n\t\t\t\t\t<\/div>\n\t<\/div>\n\t<div class=\"post-item\">\n\t\t<div class=\"row-1\">\n\t\t\t<a class=\"image\" href=\"https:\/\/krtk.elte.hu\/en\/esemeny\/international-conference-panel-the-challenges-of-de-risking-in-contemporary-eu-china-relations-2\/\" target=\"_blank\">\n\t\t\t\t<div class=\"image-wrapper\">\n\t\t\t\t\t<img loading=\"lazy\" width=\"300\" height=\"401\" src=\"https:\/\/krtk.elte.hu\/wp-content\/uploads\/2024\/11\/31282_thumbnail-300x401.gif\" class=\"attachment-loop-thumbnail size-loop-thumbnail wp-post-image\" alt=\"\" decoding=\"async\" srcset=\"https:\/\/krtk.elte.hu\/wp-content\/uploads\/2024\/11\/31282_thumbnail-300x401.gif 300w, https:\/\/krtk.elte.hu\/wp-content\/uploads\/2024\/11\/31282_thumbnail-224x300.gif 224w, https:\/\/krtk.elte.hu\/wp-content\/uploads\/2024\/11\/31282_thumbnail-766x1024.gif 766w, https:\/\/krtk.elte.hu\/wp-content\/uploads\/2024\/11\/31282_thumbnail-768x1026.gif 768w\" sizes=\"(max-width: 300px) 100vw, 300px\" \/>\t\t\t\t<\/div>\n\t\t\t<\/a>\n\t\t\t<div class=\"text\">\n\t\t\t\t<h3 class=\"title\">\n\t\t\t\t\t<a href=\"https:\/\/krtk.elte.hu\/en\/esemeny\/international-conference-panel-the-challenges-of-de-risking-in-contemporary-eu-china-relations-2\/\" target=\"_blank\">\n\t\t\t\t\t\tInternational Conference Panel - The challenges of de-risking in&nbsp;...\t\t\t\t\t<\/a>\n\t\t\t\t<\/h3>\n\t\t\t\t<p class=\"datetime \">\n\t\t\t\t\t<span class=\"date\">2024.11.14.<\/span>\n\t\t\t\t<\/p>\n\t\t\t\t\t\t\t\t<a class=\"read-more\" href=\"https:\/\/krtk.elte.hu\/en\/esemeny\/international-conference-panel-the-challenges-of-de-risking-in-contemporary-eu-china-relations-2\/\" target=\"_blank\">\n\t\t\t\t\tRead more\t\t\t\t<\/a>\n\t\t\t<\/div>\n\t\t<\/div>\n\t\t<div class=\"row-2\">\n\t\t\t<div class=\"text\">\n\t\t\t\t\n\t\t\t\t\t\t\t\t\t<a class=\"read-more\" href=\"https:\/\/krtk.elte.hu\/en\/esemeny\/international-conference-panel-the-challenges-of-de-risking-in-contemporary-eu-china-relations-2\/\" target=\"_blank\">\n\t\t\t\t\t\tRead more\t\t\t\t\t<\/a>\n\t\t\t\t\t\t\t<\/div>\n\t\t\t\t\t<\/div>\n\t<\/div>\n\t<\/div>\n                <div class=\"read-more\">\n\n                    <a href=\"\/en\/news\/events\/\">\n                        <!--megfelelo minden esem\u00e9ny listaoldalra-->\n                        <p>\n                            More events                        <\/p>\n                    <\/a>\n                <\/div>\n                    <\/div>\n        \n\t\t\t\t<\/div>\n\t\t\t\t<\/div>\n\t\t\t\t<div class=\"elementor-element elementor-element-714414b elementor-hidden-desktop elementor-widget elementor-widget-calendar\" data-id=\"714414b\" data-element_type=\"widget\" data-widget_type=\"calendar.default\">\n\t\t\t\t<div class=\"elementor-widget-container\">\n\t\t\t\t\t\t<div class=\"calendar-container\" ajaxurl=\"https:\/\/krtk.hu\/wp-admin\/admin-ajax.php\" locale=\"en_US\">\n\t\t<div class=\"calendar-content\">\n\t\t\t<div class=\"top-row\">\n\t\t\t\t\t\t\t\t<div class=\"change-month previous-month\" year=\"2026\" month=\"04\">\n\t\t\t\t\t<i class=\"fa-solid fa-angle-left\"><\/i>\n\t\t\t\t<\/div>\n\t\t\t\t<div class=\"date-container\">\n\t\t\t\t\t<span class=\"year-text\">2026. &nbsp;<\/span>\n\t\t\t\t\t<span class=\"month-text\">May<\/span>\n\t\t\t\t\t<span class=\"day-text\">&nbsp;03.<\/span>\n\t\t\t\t<\/div>\n\t\t\t\t<div class=\"change-month next-month\" year=\"2026\" month=\"06\">\n\t\t\t\t\t<i class=\"fa-solid fa-angle-right\"><\/i>\n\t\t\t\t<\/div>\n\t\t\t<\/div>\n\t\t\t<div class=\"bottom-row\">\n\t\t\t\t<div class=\"calendar-grid\">\n\t\t\t\t\t\t\t\t\t\t\t<p class=\"calendar-grid-item day-name\">M<\/p>\n\t\t\t\t\t\t\t\t\t\t\t<p class=\"calendar-grid-item day-name\">T<\/p>\n\t\t\t\t\t\t\t\t\t\t\t<p class=\"calendar-grid-item day-name\">W<\/p>\n\t\t\t\t\t\t\t\t\t\t\t<p class=\"calendar-grid-item day-name\">T<\/p>\n\t\t\t\t\t\t\t\t\t\t\t<p class=\"calendar-grid-item day-name\">F<\/p>\n\t\t\t\t\t\t\t\t\t\t\t<p class=\"calendar-grid-item day-name\">S<\/p>\n\t\t\t\t\t\t\t\t\t\t\t<p class=\"calendar-grid-item day-name\">S<\/p>\n\t\t\t\t\t\t\t\t\t\t<div class=\"calendar-grid-item previous-month\"><p class=\"day-circle\">27<\/p><\/div><div class=\"calendar-grid-item previous-month\"><p class=\"day-circle\">28<\/p><\/div><div class=\"calendar-grid-item previous-month\"><p class=\"day-circle\">29<\/p><\/div><div class=\"calendar-grid-item previous-month\"><p class=\"day-circle\">30<\/p><\/div><div class=\"calendar-grid-item current-month\"><p class=\"day-circle\">1<\/p><\/div><div class=\"calendar-grid-item current-month\"><p class=\"day-circle\">2<\/p><\/div><div class=\"calendar-grid-item current-month current-day\"><p class=\"day-circle\">3<\/p><\/div><div class=\"calendar-grid-item current-month\"><p class=\"day-circle\">4<\/p><\/div><div class=\"calendar-grid-item current-month\"><p class=\"day-circle\">5<\/p><\/div><div class=\"calendar-grid-item current-month\"><p class=\"day-circle\">6<\/p><\/div><div class=\"calendar-grid-item current-month\"><p class=\"day-circle\">7<\/p><\/div><div class=\"calendar-grid-item current-month\"><p class=\"day-circle\">8<\/p><\/div><div class=\"calendar-grid-item current-month\"><p class=\"day-circle\">9<\/p><\/div><div class=\"calendar-grid-item current-month\"><p class=\"day-circle\">10<\/p><\/div><div class=\"calendar-grid-item current-month\"><p class=\"day-circle\">11<\/p><\/div><div class=\"calendar-grid-item current-month\"><p class=\"day-circle\">12<\/p><\/div><div class=\"calendar-grid-item current-month\"><p class=\"day-circle\">13<\/p><\/div><div class=\"calendar-grid-item current-month\"><p class=\"day-circle\">14<\/p><\/div><div class=\"calendar-grid-item current-month\"><p class=\"day-circle\">15<\/p><\/div><div class=\"calendar-grid-item current-month\"><p class=\"day-circle\">16<\/p><\/div><div class=\"calendar-grid-item current-month\"><p class=\"day-circle\">17<\/p><\/div><div class=\"calendar-grid-item current-month\"><p class=\"day-circle\">18<\/p><\/div><div class=\"calendar-grid-item current-month\"><p class=\"day-circle\">19<\/p><\/div><div class=\"calendar-grid-item current-month\"><p class=\"day-circle\">20<\/p><\/div><div class=\"calendar-grid-item current-month\"><p class=\"day-circle\">21<\/p><\/div><div class=\"calendar-grid-item current-month\"><p class=\"day-circle\">22<\/p><\/div><div class=\"calendar-grid-item current-month\"><p class=\"day-circle\">23<\/p><\/div><div class=\"calendar-grid-item current-month\"><p class=\"day-circle\">24<\/p><\/div><div class=\"calendar-grid-item current-month\"><p class=\"day-circle\">25<\/p><\/div><div class=\"calendar-grid-item current-month\"><p class=\"day-circle\">26<\/p><\/div><div class=\"calendar-grid-item current-month\"><p class=\"day-circle\">27<\/p><\/div><div class=\"calendar-grid-item current-month\"><p class=\"day-circle\">28<\/p><\/div><div class=\"calendar-grid-item current-month\"><p class=\"day-circle\">29<\/p><\/div><div class=\"calendar-grid-item current-month\"><p class=\"day-circle\">30<\/p><\/div><div class=\"calendar-grid-item current-month\"><p class=\"day-circle\">31<\/p><\/div><div class=\"calendar-grid-item next-month\"><p class=\"day-circle\">1<\/p><\/div><div class=\"calendar-grid-item next-month\"><p class=\"day-circle\">2<\/p><\/div><div class=\"calendar-grid-item next-month\"><p class=\"day-circle\">3<\/p><\/div><div class=\"calendar-grid-item next-month\"><p class=\"day-circle\">4<\/p><\/div><div class=\"calendar-grid-item next-month\"><p class=\"day-circle\">5<\/p><\/div><div class=\"calendar-grid-item next-month\"><p class=\"day-circle\">6<\/p><\/div><div class=\"calendar-grid-item next-month\"><p class=\"day-circle\">7<\/p><\/div>\t\t\t\t<\/div>\n\t\t\t<\/div>\n\t\t<\/div>\n\n\t\t<div class=\"loading-overlay hide\"><\/div>\n\t<\/div>\n\t\t\t\t<\/div>\n\t\t\t\t<\/div>\n\t\t\t\t<div class=\"elementor-element elementor-element-50c6ae2 blue-title elementor-widget elementor-widget-heading\" data-id=\"50c6ae2\" data-element_type=\"widget\" data-widget_type=\"heading.default\">\n\t\t\t\t<div class=\"elementor-widget-container\">\n\t\t\t\t\t<h2 class=\"elementor-heading-title elementor-size-default\"><a href=\"\/en\/publications\">Publications<\/a><\/h2>\t\t\t\t<\/div>\n\t\t\t\t<\/div>\n\t\t\t\t<div class=\"elementor-element elementor-element-96b9bef elementor-widget elementor-widget-homepage_news\" data-id=\"96b9bef\" data-element_type=\"widget\" data-widget_type=\"homepage_news.default\">\n\t\t\t\t<div class=\"elementor-widget-container\">\n\t\t\t\t\t\t\t<div class=\"posts-box \n\t\t\t\t \n\t\t\t\t\t\t\t\t\">\n\t\t\t\t<div class=\"post-items posts-2-column\">\n\t\t\t<div class=\"post-item\">\n\t\t<div class=\"row-1\">\n\t\t\t<a class=\"image\" href=\"https:\/\/vgi.krtk.hu\/en\/publikacio\/koller-b-the-collective-identities-of-central-europeans-in-the-shadow-of-war-2022-2025\/\" >\n\t\t\t\t<div class=\"image-wrapper\">\n\t\t\t\t\t<img loading=\"lazy\" decoding=\"async\" width=\"300\" height=\"401\" src=\"https:\/\/vgi.krtk.hu\/wp-content\/uploads\/2026\/03\/europaitukor-300x401.png\" class=\"attachment-loop-thumbnail size-loop-thumbnail wp-post-image\" alt=\"\" srcset=\"https:\/\/vgi.krtk.hu\/wp-content\/uploads\/2026\/03\/europaitukor-300x401.png 300w, https:\/\/vgi.krtk.hu\/wp-content\/uploads\/2026\/03\/europaitukor-224x300.png 224w, https:\/\/vgi.krtk.hu\/wp-content\/uploads\/2026\/03\/europaitukor-766x1024.png 766w, https:\/\/vgi.krtk.hu\/wp-content\/uploads\/2026\/03\/europaitukor-768x1026.png 768w, https:\/\/vgi.krtk.hu\/wp-content\/uploads\/2026\/03\/europaitukor.png 823w\" sizes=\"(max-width: 300px) 100vw, 300px\" \/>\t\t\t\t<\/div>\n\t\t\t<\/a>\n\t\t\t<div class=\"text\">\n\t\t\t\t<h3 class=\"title\">\n\t\t\t\t\t<a href=\"https:\/\/vgi.krtk.hu\/en\/publikacio\/koller-b-the-collective-identities-of-central-europeans-in-the-shadow-of-war-2022-2025\/\" >\n\t\t\t\t\t\tKoller, B.: The Collective Identities of Central Europeans in the&nbsp;...\t\t\t\t\t<\/a>\n\t\t\t\t<\/h3>\n\t\t\t\t<p class=\"datetime\">\n\t\t\t\t\t\t\t\t\t\t\t<span class=\"date\">2025<\/span>\n\t\t\t\t\t\t\t\t\t\t<\/p>\n\t\t\t\t<p class=\"excrept-text\">\n\t\t\t\t\t\t\t\t\t<\/p>\n\t\t\t\t<a class=\"read-more\" href=\"https:\/\/vgi.krtk.hu\/en\/publikacio\/koller-b-the-collective-identities-of-central-europeans-in-the-shadow-of-war-2022-2025\/\" >\n\t\t\t\t\tRead more\t\t\t\t<\/a>\n\t\t\t<\/div>\n\t\t<\/div>\n\t\t<div class=\"row-2\">\n\t\t\t<div class=\"text\">\n\t\t\t\t<p class=\"datetime\">\n\t\t\t\t\t\t\t\t\t\t\t<span class=\"date\">2025<\/span>\n\t\t\t\t\t\t\t\t\t<\/p>\n\t\t\t\t<a class=\"read-more\" href=\"https:\/\/vgi.krtk.hu\/en\/publikacio\/koller-b-the-collective-identities-of-central-europeans-in-the-shadow-of-war-2022-2025\/\" >\n\t\t\t\t\tRead more\t\t\t\t<\/a>\n\t\t\t<\/div>\n\t\t<\/div>\n\t<\/div>\n\t<div class=\"post-item\">\n\t\t<div class=\"row-1\">\n\t\t\t<a class=\"image\" href=\"https:\/\/vgi.krtk.hu\/en\/publikacio\/szabo-j-european-union-energy-policy-at-a-time-of-crisis-4\/\" >\n\t\t\t\t<div class=\"image-wrapper\">\n\t\t\t\t\t<img loading=\"lazy\" decoding=\"async\" width=\"180\" height=\"238\" src=\"https:\/\/vgi.krtk.hu\/wp-content\/uploads\/2026\/03\/EUencyclopedia.webp\" class=\"attachment-loop-thumbnail size-loop-thumbnail wp-post-image\" alt=\"\" \/>\t\t\t\t<\/div>\n\t\t\t<\/a>\n\t\t\t<div class=\"text\">\n\t\t\t\t<h3 class=\"title\">\n\t\t\t\t\t<a href=\"https:\/\/vgi.krtk.hu\/en\/publikacio\/szabo-j-european-union-energy-policy-at-a-time-of-crisis-4\/\" >\n\t\t\t\t\t\tSzabo, J.: European Union Energy Policy at a Time of Crisis\t\t\t\t\t<\/a>\n\t\t\t\t<\/h3>\n\t\t\t\t<p class=\"datetime\">\n\t\t\t\t\t\t\t\t\t\t\t<span class=\"date\">2025<\/span>\n\t\t\t\t\t\t\t\t\t\t<\/p>\n\t\t\t\t<p class=\"excrept-text\">\n\t\t\t\t\t\t\t\t\t<\/p>\n\t\t\t\t<a class=\"read-more\" href=\"https:\/\/vgi.krtk.hu\/en\/publikacio\/szabo-j-european-union-energy-policy-at-a-time-of-crisis-4\/\" >\n\t\t\t\t\tRead more\t\t\t\t<\/a>\n\t\t\t<\/div>\n\t\t<\/div>\n\t\t<div class=\"row-2\">\n\t\t\t<div class=\"text\">\n\t\t\t\t<p class=\"datetime\">\n\t\t\t\t\t\t\t\t\t\t\t<span class=\"date\">2025<\/span>\n\t\t\t\t\t\t\t\t\t<\/p>\n\t\t\t\t<a class=\"read-more\" href=\"https:\/\/vgi.krtk.hu\/en\/publikacio\/szabo-j-european-union-energy-policy-at-a-time-of-crisis-4\/\" >\n\t\t\t\t\tRead more\t\t\t\t<\/a>\n\t\t\t<\/div>\n\t\t<\/div>\n\t<\/div>\n\t<div class=\"post-item\">\n\t\t<div class=\"row-1\">\n\t\t\t<a class=\"image\" href=\"https:\/\/vgi.krtk.hu\/en\/publikacio\/buda-g-industrial-symbiosis-potential-in-ugandas-kampala-industrial-and-business-park-sustainability-challenges-and-opportunities\/\" >\n\t\t\t\t<div class=\"image-wrapper\">\n\t\t\t\t\t<img loading=\"lazy\" decoding=\"async\" width=\"150\" height=\"200\" src=\"https:\/\/vgi.krtk.hu\/wp-content\/uploads\/2026\/02\/1-s2.0-S2666188825X00022-cov200h.gif\" class=\"attachment-loop-thumbnail size-loop-thumbnail wp-post-image\" alt=\"\" \/>\t\t\t\t<\/div>\n\t\t\t<\/a>\n\t\t\t<div class=\"text\">\n\t\t\t\t<h3 class=\"title\">\n\t\t\t\t\t<a href=\"https:\/\/vgi.krtk.hu\/en\/publikacio\/buda-g-industrial-symbiosis-potential-in-ugandas-kampala-industrial-and-business-park-sustainability-challenges-and-opportunities\/\" >\n\t\t\t\t\t\tBuda, G.: Industrial symbiosis potential in Uganda's Kampala&nbsp;...\t\t\t\t\t<\/a>\n\t\t\t\t<\/h3>\n\t\t\t\t<p class=\"datetime\">\n\t\t\t\t\t\t\t\t\t\t\t<span class=\"date\">2026-02-04<\/span>\n\t\t\t\t\t\t\t\t\t\t<\/p>\n\t\t\t\t<p class=\"excrept-text\">\n\t\t\t\t\t\t\t\t\t<\/p>\n\t\t\t\t<a class=\"read-more\" href=\"https:\/\/vgi.krtk.hu\/en\/publikacio\/buda-g-industrial-symbiosis-potential-in-ugandas-kampala-industrial-and-business-park-sustainability-challenges-and-opportunities\/\" >\n\t\t\t\t\tRead more\t\t\t\t<\/a>\n\t\t\t<\/div>\n\t\t<\/div>\n\t\t<div class=\"row-2\">\n\t\t\t<div class=\"text\">\n\t\t\t\t<p class=\"datetime\">\n\t\t\t\t\t\t\t\t\t\t\t<span class=\"date\">2026-02-04<\/span>\n\t\t\t\t\t\t\t\t\t<\/p>\n\t\t\t\t<a class=\"read-more\" href=\"https:\/\/vgi.krtk.hu\/en\/publikacio\/buda-g-industrial-symbiosis-potential-in-ugandas-kampala-industrial-and-business-park-sustainability-challenges-and-opportunities\/\" >\n\t\t\t\t\tRead more\t\t\t\t<\/a>\n\t\t\t<\/div>\n\t\t<\/div>\n\t<\/div>\n\t<div class=\"post-item\">\n\t\t<div class=\"row-1\">\n\t\t\t<a class=\"image\" href=\"https:\/\/vgi.krtk.hu\/en\/publikacio\/caponi-l-lakocai-cs-spatial-dynamics-of-competitiveness-a-comparative-analysis-of-the-blue-banana-and-emerging-eu-regions\/\" >\n\t\t\t\t<div class=\"image-wrapper\">\n\t\t\t\t\t<img loading=\"lazy\" decoding=\"async\" width=\"300\" height=\"401\" src=\"https:\/\/vgi.krtk.hu\/wp-content\/uploads\/2026\/01\/publikacio-sablon-honlapra-300x401.png\" class=\"attachment-loop-thumbnail size-loop-thumbnail wp-post-image\" alt=\"\" srcset=\"https:\/\/vgi.krtk.hu\/wp-content\/uploads\/2026\/01\/publikacio-sablon-honlapra-300x401.png 300w, https:\/\/vgi.krtk.hu\/wp-content\/uploads\/2026\/01\/publikacio-sablon-honlapra-224x300.png 224w, https:\/\/vgi.krtk.hu\/wp-content\/uploads\/2026\/01\/publikacio-sablon-honlapra-766x1024.png 766w, https:\/\/vgi.krtk.hu\/wp-content\/uploads\/2026\/01\/publikacio-sablon-honlapra-768x1026.png 768w, https:\/\/vgi.krtk.hu\/wp-content\/uploads\/2026\/01\/publikacio-sablon-honlapra.png 823w\" sizes=\"(max-width: 300px) 100vw, 300px\" \/>\t\t\t\t<\/div>\n\t\t\t<\/a>\n\t\t\t<div class=\"text\">\n\t\t\t\t<h3 class=\"title\">\n\t\t\t\t\t<a href=\"https:\/\/vgi.krtk.hu\/en\/publikacio\/caponi-l-lakocai-cs-spatial-dynamics-of-competitiveness-a-comparative-analysis-of-the-blue-banana-and-emerging-eu-regions\/\" >\n\t\t\t\t\t\tCaponi, L., Lak\u00f3cai Cs.: Spatial dynamics of competitiveness: a&nbsp;...\t\t\t\t\t<\/a>\n\t\t\t\t<\/h3>\n\t\t\t\t<p class=\"datetime\">\n\t\t\t\t\t\t\t\t\t\t\t<span class=\"date\">2026-01-20<\/span>\n\t\t\t\t\t\t\t\t\t\t<\/p>\n\t\t\t\t<p class=\"excrept-text\">\n\t\t\t\t\t\t\t\t\t<\/p>\n\t\t\t\t<a class=\"read-more\" href=\"https:\/\/vgi.krtk.hu\/en\/publikacio\/caponi-l-lakocai-cs-spatial-dynamics-of-competitiveness-a-comparative-analysis-of-the-blue-banana-and-emerging-eu-regions\/\" >\n\t\t\t\t\tRead more\t\t\t\t<\/a>\n\t\t\t<\/div>\n\t\t<\/div>\n\t\t<div class=\"row-2\">\n\t\t\t<div class=\"text\">\n\t\t\t\t<p class=\"datetime\">\n\t\t\t\t\t\t\t\t\t\t\t<span class=\"date\">2026-01-20<\/span>\n\t\t\t\t\t\t\t\t\t<\/p>\n\t\t\t\t<a class=\"read-more\" href=\"https:\/\/vgi.krtk.hu\/en\/publikacio\/caponi-l-lakocai-cs-spatial-dynamics-of-competitiveness-a-comparative-analysis-of-the-blue-banana-and-emerging-eu-regions\/\" >\n\t\t\t\t\tRead more\t\t\t\t<\/a>\n\t\t\t<\/div>\n\t\t<\/div>\n\t<\/div>\n\t<\/div>\n\t\t\t\t<div class=\"read-more\">\n\n\t\t\t\t\t<a href=\"\n\t\t\t\t\t\thttps:\/\/vgi.krtk.hu\/kategoria\/publikaciok\/\t\t\t\t\t\">\n\t\t\t\t\t\t<p>\n\t\t\t\t\t\t\tMore publications\t\t\t\t\t\t<\/p>\n\t\t\t\t\t<\/a>\n\n\t\t\t\t<\/div>\n\t\t\t\t\t<\/div>\n\t\t\t\t<\/div>\n\t\t\t\t<\/div>\n\t\t\t\t\t<\/div>\n\t\t<\/div>\n\t\t\t\t\t<\/div>\n\t\t<\/section>\n\t\t\t\t<\/div>\n\t\t","protected":false},"excerpt":{"rendered":"<p>We would like to welcome you on the Institute of World Economics, HUN-REN CERS website! Our Institute analyzes world economic processes and their impact on Hungary. It is the oldest and thereby most experienced Hungarian institute in this regard. Our primary goal is to draw on a local tradition of research, with which we can [&hellip;]<\/p>\n","protected":false},"author":3,"featured_media":39,"parent":0,"menu_order":0,"comment_status":"closed","ping_status":"closed","template":"","meta":{"_acf_changed":false,"inline_featured_image":false,"footnotes":"","_links_to":"","_links_to_target":""},"class_list":["post-7587","page","type-page","status-publish","has-post-thumbnail","hentry"],"acf":[],"yoast_head":"<!-- This site is optimized with the Yoast SEO plugin v25.1 - https:\/\/yoast.com\/wordpress\/plugins\/seo\/ -->\n<title>Home - VGI<\/title>\n<meta name=\"robots\" content=\"index, follow, max-snippet:-1, max-image-preview:large, max-video-preview:-1\" \/>\n<link rel=\"canonical\" href=\"https:\/\/vgi.krtk.hu\/en\/\" \/>\n<meta property=\"og:locale\" content=\"en_US\" \/>\n<meta property=\"og:type\" content=\"article\" \/>\n<meta property=\"og:title\" content=\"Home - VGI\" \/>\n<meta property=\"og:description\" content=\"We would like to welcome you on the Institute of World Economics, HUN-REN CERS website! Our Institute analyzes world economic processes and their impact on Hungary. It is the oldest and thereby most experienced Hungarian institute in this regard. Our primary goal is to draw on a local tradition of research, with which we can [&hellip;]\" \/>\n<meta property=\"og:url\" content=\"https:\/\/vgi.krtk.hu\/en\/\" \/>\n<meta property=\"og:site_name\" content=\"VGI\" \/>\n<meta property=\"article:modified_time\" content=\"2025-09-04T10:50:28+00:00\" \/>\n<meta property=\"og:image\" content=\"https:\/\/vgi.krtk.hu\/wp-content\/uploads\/2022\/05\/placeholder.png\" \/>\n\t<meta property=\"og:image:width\" content=\"1200\" \/>\n\t<meta property=\"og:image:height\" content=\"800\" \/>\n\t<meta property=\"og:image:type\" content=\"image\/png\" \/>\n<meta name=\"twitter:card\" content=\"summary_large_image\" \/>\n<meta name=\"twitter:label1\" content=\"Est. reading time\" \/>\n\t<meta name=\"twitter:data1\" content=\"5 minutes\" \/>\n<script type=\"application\/ld+json\" class=\"yoast-schema-graph\">{\"@context\":\"https:\/\/schema.org\",\"@graph\":[{\"@type\":\"WebPage\",\"@id\":\"https:\/\/vgi.krtk.hu\/en\/\",\"url\":\"https:\/\/vgi.krtk.hu\/en\/\",\"name\":\"Home - VGI\",\"isPartOf\":{\"@id\":\"https:\/\/vgi.krtk.hu\/#website\"},\"primaryImageOfPage\":{\"@id\":\"https:\/\/vgi.krtk.hu\/en\/#primaryimage\"},\"image\":{\"@id\":\"https:\/\/vgi.krtk.hu\/en\/#primaryimage\"},\"thumbnailUrl\":\"https:\/\/vgi.krtk.hu\/wp-content\/uploads\/2022\/05\/placeholder.png\",\"datePublished\":\"2022-05-24T14:32:25+00:00\",\"dateModified\":\"2025-09-04T10:50:28+00:00\",\"inLanguage\":\"en-US\",\"potentialAction\":[{\"@type\":\"ReadAction\",\"target\":[\"https:\/\/vgi.krtk.hu\/en\/\"]}]},{\"@type\":\"ImageObject\",\"inLanguage\":\"en-US\",\"@id\":\"https:\/\/vgi.krtk.hu\/en\/#primaryimage\",\"url\":\"https:\/\/vgi.krtk.hu\/wp-content\/uploads\/2022\/05\/placeholder.png\",\"contentUrl\":\"https:\/\/vgi.krtk.hu\/wp-content\/uploads\/2022\/05\/placeholder.png\",\"width\":1200,\"height\":800},{\"@type\":\"WebSite\",\"@id\":\"https:\/\/vgi.krtk.hu\/#website\",\"url\":\"https:\/\/vgi.krtk.hu\/\",\"name\":\"VGI\",\"description\":\"Vil\u00e1ggazdas\u00e1gi Int\u00e9zet\",\"publisher\":{\"@id\":\"https:\/\/vgi.krtk.hu\/#organization\"},\"potentialAction\":[{\"@type\":\"SearchAction\",\"target\":{\"@type\":\"EntryPoint\",\"urlTemplate\":\"https:\/\/vgi.krtk.hu\/?s={search_term_string}\"},\"query-input\":{\"@type\":\"PropertyValueSpecification\",\"valueRequired\":true,\"valueName\":\"search_term_string\"}}],\"inLanguage\":\"en-US\"},{\"@type\":\"Organization\",\"@id\":\"https:\/\/vgi.krtk.hu\/#organization\",\"name\":\"VGI\",\"url\":\"https:\/\/vgi.krtk.hu\/\",\"logo\":{\"@type\":\"ImageObject\",\"inLanguage\":\"en-US\",\"@id\":\"https:\/\/vgi.krtk.hu\/#\/schema\/logo\/image\/\",\"url\":\"https:\/\/vgi.krtk.hu\/wp-content\/uploads\/2022\/08\/cropped-Group-960-1.png\",\"contentUrl\":\"https:\/\/vgi.krtk.hu\/wp-content\/uploads\/2022\/08\/cropped-Group-960-1.png\",\"width\":199,\"height\":57,\"caption\":\"VGI\"},\"image\":{\"@id\":\"https:\/\/vgi.krtk.hu\/#\/schema\/logo\/image\/\"}}]}<\/script>\n<!-- \/ Yoast SEO plugin. -->","yoast_head_json":{"title":"Home - VGI","robots":{"index":"index","follow":"follow","max-snippet":"max-snippet:-1","max-image-preview":"max-image-preview:large","max-video-preview":"max-video-preview:-1"},"canonical":"https:\/\/vgi.krtk.hu\/en\/","og_locale":"en_US","og_type":"article","og_title":"Home - VGI","og_description":"We would like to welcome you on the Institute of World Economics, HUN-REN CERS website! Our Institute analyzes world economic processes and their impact on Hungary. It is the oldest and thereby most experienced Hungarian institute in this regard. Our primary goal is to draw on a local tradition of research, with which we can [&hellip;]","og_url":"https:\/\/vgi.krtk.hu\/en\/","og_site_name":"VGI","article_modified_time":"2025-09-04T10:50:28+00:00","og_image":[{"width":1200,"height":800,"url":"https:\/\/vgi.krtk.hu\/wp-content\/uploads\/2022\/05\/placeholder.png","type":"image\/png"}],"twitter_card":"summary_large_image","twitter_misc":{"Est. reading time":"5 minutes"},"schema":{"@context":"https:\/\/schema.org","@graph":[{"@type":"WebPage","@id":"https:\/\/vgi.krtk.hu\/en\/","url":"https:\/\/vgi.krtk.hu\/en\/","name":"Home - VGI","isPartOf":{"@id":"https:\/\/vgi.krtk.hu\/#website"},"primaryImageOfPage":{"@id":"https:\/\/vgi.krtk.hu\/en\/#primaryimage"},"image":{"@id":"https:\/\/vgi.krtk.hu\/en\/#primaryimage"},"thumbnailUrl":"https:\/\/vgi.krtk.hu\/wp-content\/uploads\/2022\/05\/placeholder.png","datePublished":"2022-05-24T14:32:25+00:00","dateModified":"2025-09-04T10:50:28+00:00","inLanguage":"en-US","potentialAction":[{"@type":"ReadAction","target":["https:\/\/vgi.krtk.hu\/en\/"]}]},{"@type":"ImageObject","inLanguage":"en-US","@id":"https:\/\/vgi.krtk.hu\/en\/#primaryimage","url":"https:\/\/vgi.krtk.hu\/wp-content\/uploads\/2022\/05\/placeholder.png","contentUrl":"https:\/\/vgi.krtk.hu\/wp-content\/uploads\/2022\/05\/placeholder.png","width":1200,"height":800},{"@type":"WebSite","@id":"https:\/\/vgi.krtk.hu\/#website","url":"https:\/\/vgi.krtk.hu\/","name":"VGI","description":"Vil\u00e1ggazdas\u00e1gi Int\u00e9zet","publisher":{"@id":"https:\/\/vgi.krtk.hu\/#organization"},"potentialAction":[{"@type":"SearchAction","target":{"@type":"EntryPoint","urlTemplate":"https:\/\/vgi.krtk.hu\/?s={search_term_string}"},"query-input":{"@type":"PropertyValueSpecification","valueRequired":true,"valueName":"search_term_string"}}],"inLanguage":"en-US"},{"@type":"Organization","@id":"https:\/\/vgi.krtk.hu\/#organization","name":"VGI","url":"https:\/\/vgi.krtk.hu\/","logo":{"@type":"ImageObject","inLanguage":"en-US","@id":"https:\/\/vgi.krtk.hu\/#\/schema\/logo\/image\/","url":"https:\/\/vgi.krtk.hu\/wp-content\/uploads\/2022\/08\/cropped-Group-960-1.png","contentUrl":"https:\/\/vgi.krtk.hu\/wp-content\/uploads\/2022\/08\/cropped-Group-960-1.png","width":199,"height":57,"caption":"VGI"},"image":{"@id":"https:\/\/vgi.krtk.hu\/#\/schema\/logo\/image\/"}}]}},"_links":{"self":[{"href":"https:\/\/vgi.krtk.hu\/en\/wp-json\/wp\/v2\/pages\/7587","targetHints":{"allow":["GET"]}}],"collection":[{"href":"https:\/\/vgi.krtk.hu\/en\/wp-json\/wp\/v2\/pages"}],"about":[{"href":"https:\/\/vgi.krtk.hu\/en\/wp-json\/wp\/v2\/types\/page"}],"author":[{"embeddable":true,"href":"https:\/\/vgi.krtk.hu\/en\/wp-json\/wp\/v2\/users\/3"}],"replies":[{"embeddable":true,"href":"https:\/\/vgi.krtk.hu\/en\/wp-json\/wp\/v2\/comments?post=7587"}],"version-history":[{"count":17,"href":"https:\/\/vgi.krtk.hu\/en\/wp-json\/wp\/v2\/pages\/7587\/revisions"}],"predecessor-version":[{"id":11530,"href":"https:\/\/vgi.krtk.hu\/en\/wp-json\/wp\/v2\/pages\/7587\/revisions\/11530"}],"wp:featuredmedia":[{"embeddable":true,"href":"https:\/\/vgi.krtk.hu\/en\/wp-json\/wp\/v2\/media\/39"}],"wp:attachment":[{"href":"https:\/\/vgi.krtk.hu\/en\/wp-json\/wp\/v2\/media?parent=7587"}],"curies":[{"name":"wp","href":"https:\/\/api.w.org\/{rel}","templated":true}]}}