{"id":7617,"date":"2022-06-09T15:33:40","date_gmt":"2022-06-09T15:33:40","guid":{"rendered":"https:\/\/vki.stilldev2.work\/news\/esemenyek\/"},"modified":"2022-11-01T00:27:07","modified_gmt":"2022-11-01T00:27:07","slug":"events","status":"publish","type":"page","link":"https:\/\/vgi.krtk.hu\/en\/news\/events\/","title":{"rendered":"Events"},"content":{"rendered":"\t\t<div data-elementor-type=\"wp-page\" data-elementor-id=\"7617\" class=\"elementor elementor-7617 elementor-1154\" data-elementor-post-type=\"page\">\n\t\t\t\t\t\t<section class=\"elementor-section elementor-top-section elementor-element elementor-element-128ea3e elementor-section-boxed elementor-section-height-default elementor-section-height-default\" data-id=\"128ea3e\" data-element_type=\"section\">\n\t\t\t\t\t\t<div class=\"elementor-container elementor-column-gap-no\">\n\t\t\t\t\t<div class=\"elementor-column elementor-col-66 elementor-top-column elementor-element elementor-element-ada38fd\" data-id=\"ada38fd\" data-element_type=\"column\" data-settings=\"{&quot;background_background&quot;:&quot;classic&quot;}\">\n\t\t\t<div class=\"elementor-widget-wrap elementor-element-populated\">\n\t\t\t\t\t\t<div class=\"elementor-element elementor-element-99eccba blue-title elementor-widget elementor-widget-heading\" data-id=\"99eccba\" data-element_type=\"widget\" data-widget_type=\"heading.default\">\n\t\t\t\t<div class=\"elementor-widget-container\">\n\t\t\t\t\t<h2 class=\"elementor-heading-title elementor-size-default\">Events<\/h2>\t\t\t\t<\/div>\n\t\t\t\t<\/div>\n\t\t\t\t<div class=\"elementor-element elementor-element-35595fd elementor-widget elementor-widget-events_widget\" data-id=\"35595fd\" data-element_type=\"widget\" data-widget_type=\"events_widget.default\">\n\t\t\t\t<div class=\"elementor-widget-container\">\n\t\t\t\t\t        <div class=\"posts-box\">\n            \t<div class=\"post-items posts-1-column\">\n\t\t\t<div class=\"post-item\">\n\t\t<div class=\"row-1\">\n\t\t\t<a class=\"image\" href=\"https:\/\/krtk.elte.hu\/en\/esemeny\/hungary-and-turkiye-100-years-of-diplomatic-relations-history-diplomacy-and-economy-conference-2\/\" target=\"_blank\">\n\t\t\t\t<div class=\"image-wrapper\">\n\t\t\t\t\t<img fetchpriority=\"high\" width=\"300\" height=\"401\" src=\"https:\/\/krtk.elte.hu\/wp-content\/uploads\/2025\/11\/38357_thumbnail-300x401.png\" class=\"attachment-loop-thumbnail size-loop-thumbnail wp-post-image\" alt=\"\" decoding=\"async\" srcset=\"https:\/\/krtk.elte.hu\/wp-content\/uploads\/2025\/11\/38357_thumbnail-300x401.png 300w, https:\/\/krtk.elte.hu\/wp-content\/uploads\/2025\/11\/38357_thumbnail-224x300.png 224w, https:\/\/krtk.elte.hu\/wp-content\/uploads\/2025\/11\/38357_thumbnail-766x1024.png 766w, https:\/\/krtk.elte.hu\/wp-content\/uploads\/2025\/11\/38357_thumbnail-768x1026.png 768w, https:\/\/krtk.elte.hu\/wp-content\/uploads\/2025\/11\/38357_thumbnail.png 823w\" sizes=\"(max-width: 300px) 100vw, 300px\" \/>\t\t\t\t<\/div>\n\t\t\t<\/a>\n\t\t\t<div class=\"text\">\n\t\t\t\t<h3 class=\"title\">\n\t\t\t\t\t<a href=\"https:\/\/krtk.elte.hu\/en\/esemeny\/hungary-and-turkiye-100-years-of-diplomatic-relations-history-diplomacy-and-economy-conference-2\/\" target=\"_blank\">\n\t\t\t\t\t\tHungary and T\u00fcrkiye: 100 years of diplomatic relations, history, diplomacy and economy - Conference\t\t\t\t\t<\/a>\n\t\t\t\t<\/h3>\n\t\t\t\t<p class=\"datetime from-api-archive\">\n\t\t\t\t\t<span class=\"date\">2025.12.02.<\/span>\n\t\t\t\t<\/p>\n\t\t\t\t<div class=\"excrept-text-api\">Hungary and T\u00fcrkiye: 100 years of diplomatic relations, history, diplomacy and economy &#8211; Conference Date: 02 December 2025 12:30 (CET)\/ 14:30 (TRT) Organiser: Institute of World Economics, ELTE Centre for Economic and Regional Studies Venue: ZOOM Invitation: here Program 12:30 \u2013 Opening words: Magdolna Sass 12:40 \u2013 G\u00e1bor Fodor: 100 years of Hungarian-Turkish relations 13:10 [&hellip;]<\/div>\t\t\t\t<a class=\"read-more\" href=\"https:\/\/krtk.elte.hu\/en\/esemeny\/hungary-and-turkiye-100-years-of-diplomatic-relations-history-diplomacy-and-economy-conference-2\/\" target=\"_blank\">\n\t\t\t\t\tRead more\t\t\t\t<\/a>\n\t\t\t<\/div>\n\t\t<\/div>\n\t\t<div class=\"row-2\">\n\t\t\t<div class=\"text\">\n\t\t\t\t\t\t\t\t\t<p class=\"excrept-text-api\">Hungary and T\u00fcrkiye: 100 years of diplomatic relations, history, diplomacy and economy &#8211; Conference Date: 02 December 2025 12:30 (CET)\/ 14:30 (TRT) Organiser: Institute of World Economics, ELTE Centre for Economic and Regional Studies Venue: ZOOM Invitation: here Program 12:30 \u2013 Opening words: Magdolna Sass 12:40 \u2013 G\u00e1bor Fodor: 100 years of Hungarian-Turkish relations 13:10 [&hellip;]<\/p>\n\t\t\t\t\n\t\t\t\t\t\t\t<\/div>\n\t\t\t\t\t\t\t<a class=\"read-more show-only-mobile\" href=\"https:\/\/krtk.elte.hu\/en\/esemeny\/hungary-and-turkiye-100-years-of-diplomatic-relations-history-diplomacy-and-economy-conference-2\/\" target=\"_blank\">\n\t\t\t\t\tRead more\t\t\t\t<\/a>\n\t\t\t\t\t<\/div>\n\t<\/div>\n\t<div class=\"post-item\">\n\t\t<div class=\"row-1\">\n\t\t\t<a class=\"image\" href=\"https:\/\/krtk.elte.hu\/en\/esemeny\/5th-viesgrad-conference\/\" target=\"_blank\">\n\t\t\t\t<div class=\"image-wrapper\">\n\t\t\t\t\t<img width=\"300\" height=\"401\" src=\"https:\/\/krtk.elte.hu\/wp-content\/uploads\/2025\/04\/34795_thumbnail-300x401.png\" class=\"attachment-loop-thumbnail size-loop-thumbnail wp-post-image\" alt=\"\" decoding=\"async\" srcset=\"https:\/\/krtk.elte.hu\/wp-content\/uploads\/2025\/04\/34795_thumbnail-300x401.png 300w, https:\/\/krtk.elte.hu\/wp-content\/uploads\/2025\/04\/34795_thumbnail-224x300.png 224w, https:\/\/krtk.elte.hu\/wp-content\/uploads\/2025\/04\/34795_thumbnail-766x1024.png 766w, https:\/\/krtk.elte.hu\/wp-content\/uploads\/2025\/04\/34795_thumbnail-768x1026.png 768w, https:\/\/krtk.elte.hu\/wp-content\/uploads\/2025\/04\/34795_thumbnail.png 823w\" sizes=\"(max-width: 300px) 100vw, 300px\" \/>\t\t\t\t<\/div>\n\t\t\t<\/a>\n\t\t\t<div class=\"text\">\n\t\t\t\t<h3 class=\"title\">\n\t\t\t\t\t<a href=\"https:\/\/krtk.elte.hu\/en\/esemeny\/5th-viesgrad-conference\/\" target=\"_blank\">\n\t\t\t\t\t\t5th Visegrad conference\t\t\t\t\t<\/a>\n\t\t\t\t<\/h3>\n\t\t\t\t<p class=\"datetime from-api-archive\">\n\t\t\t\t\t<span class=\"date\">2025.06.05.<\/span>\n\t\t\t\t<\/p>\n\t\t\t\t<div class=\"excrept-text-api\">\u00a05th Visegrad conference Institute of World Economics Hungarian Research Network Centre for Economic and Regional Studies \u00a0 Visegrad \u2013 Still alive Selected policy responses in V4 countries \u00a0 Date: 05 June 2025 Venue: ZOOM Registration: Via Google form HERE \u00a0 Preliminary programme of the 5th Visegrad Conference &nbsp; TIME\u00a0\u00a0\u00a0\u00a0\u00a0\u00a0\u00a0\u00a0\u00a0\u00a0\u00a0\u00a0\u00a0\u00a0\u00a0\u00a0\u00a0\u00a0\u00a0 SESSION 8:30-8:55\u00a0\u00a0\u00a0\u00a0\u00a0\u00a0\u00a0\u00a0\u00a0\u00a0 REGISTRATION &nbsp; 8:55-9:00\u00a0\u00a0\u00a0\u00a0\u00a0\u00a0\u00a0\u00a0\u00a0\u00a0 OPENING [&hellip;]<\/div>\t\t\t\t<a class=\"read-more\" href=\"https:\/\/krtk.elte.hu\/en\/esemeny\/5th-viesgrad-conference\/\" target=\"_blank\">\n\t\t\t\t\tRead more\t\t\t\t<\/a>\n\t\t\t<\/div>\n\t\t<\/div>\n\t\t<div class=\"row-2\">\n\t\t\t<div class=\"text\">\n\t\t\t\t\t\t\t\t\t<p class=\"excrept-text-api\">\u00a05th Visegrad conference Institute of World Economics Hungarian Research Network Centre for Economic and Regional Studies \u00a0 Visegrad \u2013 Still alive Selected policy responses in V4 countries \u00a0 Date: 05 June 2025 Venue: ZOOM Registration: Via Google form HERE \u00a0 Preliminary programme of the 5th Visegrad Conference &nbsp; TIME\u00a0\u00a0\u00a0\u00a0\u00a0\u00a0\u00a0\u00a0\u00a0\u00a0\u00a0\u00a0\u00a0\u00a0\u00a0\u00a0\u00a0\u00a0\u00a0 SESSION 8:30-8:55\u00a0\u00a0\u00a0\u00a0\u00a0\u00a0\u00a0\u00a0\u00a0\u00a0 REGISTRATION &nbsp; 8:55-9:00\u00a0\u00a0\u00a0\u00a0\u00a0\u00a0\u00a0\u00a0\u00a0\u00a0 OPENING [&hellip;]<\/p>\n\t\t\t\t\n\t\t\t\t\t\t\t<\/div>\n\t\t\t\t\t\t\t<a class=\"read-more show-only-mobile\" href=\"https:\/\/krtk.elte.hu\/en\/esemeny\/5th-viesgrad-conference\/\" target=\"_blank\">\n\t\t\t\t\tRead more\t\t\t\t<\/a>\n\t\t\t\t\t<\/div>\n\t<\/div>\n\t<div class=\"post-item\">\n\t\t<div class=\"row-1\">\n\t\t\t<a class=\"image\" href=\"https:\/\/krtk.elte.hu\/en\/esemeny\/international-conference-panel-the-challenges-of-de-risking-in-contemporary-eu-china-relations-2\/\" target=\"_blank\">\n\t\t\t\t<div class=\"image-wrapper\">\n\t\t\t\t\t<img width=\"300\" height=\"401\" src=\"https:\/\/krtk.elte.hu\/wp-content\/uploads\/2024\/11\/31282_thumbnail-300x401.gif\" class=\"attachment-loop-thumbnail size-loop-thumbnail wp-post-image\" alt=\"\" decoding=\"async\" srcset=\"https:\/\/krtk.elte.hu\/wp-content\/uploads\/2024\/11\/31282_thumbnail-300x401.gif 300w, https:\/\/krtk.elte.hu\/wp-content\/uploads\/2024\/11\/31282_thumbnail-224x300.gif 224w, https:\/\/krtk.elte.hu\/wp-content\/uploads\/2024\/11\/31282_thumbnail-766x1024.gif 766w, https:\/\/krtk.elte.hu\/wp-content\/uploads\/2024\/11\/31282_thumbnail-768x1026.gif 768w\" sizes=\"(max-width: 300px) 100vw, 300px\" \/>\t\t\t\t<\/div>\n\t\t\t<\/a>\n\t\t\t<div class=\"text\">\n\t\t\t\t<h3 class=\"title\">\n\t\t\t\t\t<a href=\"https:\/\/krtk.elte.hu\/en\/esemeny\/international-conference-panel-the-challenges-of-de-risking-in-contemporary-eu-china-relations-2\/\" target=\"_blank\">\n\t\t\t\t\t\tInternational Conference Panel - The challenges of de-risking in contemporary EU-China relations\t\t\t\t\t<\/a>\n\t\t\t\t<\/h3>\n\t\t\t\t<p class=\"datetime from-api-archive\">\n\t\t\t\t\t<span class=\"date\">2024.11.14.<\/span>\n\t\t\t\t<\/p>\n\t\t\t\t<div class=\"excrept-text-api\">The HUN-REN CERS \u2013 Institute of World Economics invite you to a Conference Panel on THE CHALLENGES OF DE-RISKING IN CONTEMPORARY EU-CHINA RELATIONS DATE: November 14, 2024, 11.15-13.00VENUE: MTA HTK, 1097 Budapest, T\u00f3th K\u00e1lm\u00e1n utca 4. Ground floor, Room K. 11-12 Panellists:Andreas N\u00f6lke (Goethe University Frankfurt, Germany; Professor of Political Science, International Relations and International [&hellip;]<\/div>\t\t\t\t<a class=\"read-more\" href=\"https:\/\/krtk.elte.hu\/en\/esemeny\/international-conference-panel-the-challenges-of-de-risking-in-contemporary-eu-china-relations-2\/\" target=\"_blank\">\n\t\t\t\t\tRead more\t\t\t\t<\/a>\n\t\t\t<\/div>\n\t\t<\/div>\n\t\t<div class=\"row-2\">\n\t\t\t<div class=\"text\">\n\t\t\t\t\t\t\t\t\t<p class=\"excrept-text-api\">The HUN-REN CERS \u2013 Institute of World Economics invite you to a Conference Panel on THE CHALLENGES OF DE-RISKING IN CONTEMPORARY EU-CHINA RELATIONS DATE: November 14, 2024, 11.15-13.00VENUE: MTA HTK, 1097 Budapest, T\u00f3th K\u00e1lm\u00e1n utca 4. Ground floor, Room K. 11-12 Panellists:Andreas N\u00f6lke (Goethe University Frankfurt, Germany; Professor of Political Science, International Relations and International [&hellip;]<\/p>\n\t\t\t\t\n\t\t\t\t\t\t\t<\/div>\n\t\t\t\t\t\t\t<a class=\"read-more show-only-mobile\" href=\"https:\/\/krtk.elte.hu\/en\/esemeny\/international-conference-panel-the-challenges-of-de-risking-in-contemporary-eu-china-relations-2\/\" target=\"_blank\">\n\t\t\t\t\tRead more\t\t\t\t<\/a>\n\t\t\t\t\t<\/div>\n\t<\/div>\n\t<div class=\"post-item\">\n\t\t<div class=\"row-1\">\n\t\t\t<a class=\"image\" href=\"https:\/\/krtk.elte.hu\/en\/esemeny\/international-conference-state-policies-on-the-buildout-of-electric-car-production-in-cee-countries-2\/\" target=\"_blank\">\n\t\t\t\t<div class=\"image-wrapper\">\n\t\t\t\t\t<img loading=\"lazy\" width=\"300\" height=\"401\" src=\"https:\/\/krtk.elte.hu\/wp-content\/uploads\/2024\/10\/30454_thumbnail-300x401.gif\" class=\"attachment-loop-thumbnail size-loop-thumbnail wp-post-image\" alt=\"\" decoding=\"async\" srcset=\"https:\/\/krtk.elte.hu\/wp-content\/uploads\/2024\/10\/30454_thumbnail-300x401.gif 300w, https:\/\/krtk.elte.hu\/wp-content\/uploads\/2024\/10\/30454_thumbnail-224x300.gif 224w, https:\/\/krtk.elte.hu\/wp-content\/uploads\/2024\/10\/30454_thumbnail-766x1024.gif 766w, https:\/\/krtk.elte.hu\/wp-content\/uploads\/2024\/10\/30454_thumbnail-768x1026.gif 768w\" sizes=\"(max-width: 300px) 100vw, 300px\" \/>\t\t\t\t<\/div>\n\t\t\t<\/a>\n\t\t\t<div class=\"text\">\n\t\t\t\t<h3 class=\"title\">\n\t\t\t\t\t<a href=\"https:\/\/krtk.elte.hu\/en\/esemeny\/international-conference-state-policies-on-the-buildout-of-electric-car-production-in-cee-countries-2\/\" target=\"_blank\">\n\t\t\t\t\t\tInternational Conference \u2013 State policies on the buildout of electric car production in CEE countries\t\t\t\t\t<\/a>\n\t\t\t\t<\/h3>\n\t\t\t\t<p class=\"datetime from-api-archive\">\n\t\t\t\t\t<span class=\"date\">2024.10.29.<\/span>\n\t\t\t\t<\/p>\n\t\t\t\t<div class=\"excrept-text-api\">International Conference \u2013 State policies on the buildout of electric car production in CEE countries &nbsp; On 29 October 2024, the HUN-REN CERS Institute of World Economics will host the international conference on &#8216;State policies on the buildout of electric car production in CEE countries&#8216;, a project funded by the International Visegrad Fund. &nbsp; DATE: [&hellip;]<\/div>\t\t\t\t<a class=\"read-more\" href=\"https:\/\/krtk.elte.hu\/en\/esemeny\/international-conference-state-policies-on-the-buildout-of-electric-car-production-in-cee-countries-2\/\" target=\"_blank\">\n\t\t\t\t\tRead more\t\t\t\t<\/a>\n\t\t\t<\/div>\n\t\t<\/div>\n\t\t<div class=\"row-2\">\n\t\t\t<div class=\"text\">\n\t\t\t\t\t\t\t\t\t<p class=\"excrept-text-api\">International Conference \u2013 State policies on the buildout of electric car production in CEE countries &nbsp; On 29 October 2024, the HUN-REN CERS Institute of World Economics will host the international conference on &#8216;State policies on the buildout of electric car production in CEE countries&#8216;, a project funded by the International Visegrad Fund. &nbsp; DATE: [&hellip;]<\/p>\n\t\t\t\t\n\t\t\t\t\t\t\t<\/div>\n\t\t\t\t\t\t\t<a class=\"read-more show-only-mobile\" href=\"https:\/\/krtk.elte.hu\/en\/esemeny\/international-conference-state-policies-on-the-buildout-of-electric-car-production-in-cee-countries-2\/\" target=\"_blank\">\n\t\t\t\t\tRead more\t\t\t\t<\/a>\n\t\t\t\t\t<\/div>\n\t<\/div>\n\t<div class=\"post-item\">\n\t\t<div class=\"row-1\">\n\t\t\t<a class=\"image\" href=\"https:\/\/krtk.elte.hu\/en\/esemeny\/international-workshop\/\" target=\"_blank\">\n\t\t\t\t<div class=\"image-wrapper\">\n\t\t\t\t\t<img loading=\"lazy\" width=\"300\" height=\"401\" src=\"https:\/\/krtk.elte.hu\/wp-content\/uploads\/2024\/10\/30468_thumbnail-300x401.gif\" class=\"attachment-loop-thumbnail size-loop-thumbnail wp-post-image\" alt=\"\" decoding=\"async\" srcset=\"https:\/\/krtk.elte.hu\/wp-content\/uploads\/2024\/10\/30468_thumbnail-300x401.gif 300w, https:\/\/krtk.elte.hu\/wp-content\/uploads\/2024\/10\/30468_thumbnail-224x300.gif 224w, https:\/\/krtk.elte.hu\/wp-content\/uploads\/2024\/10\/30468_thumbnail-766x1024.gif 766w, https:\/\/krtk.elte.hu\/wp-content\/uploads\/2024\/10\/30468_thumbnail-768x1026.gif 768w\" sizes=\"(max-width: 300px) 100vw, 300px\" \/>\t\t\t\t<\/div>\n\t\t\t<\/a>\n\t\t\t<div class=\"text\">\n\t\t\t\t<h3 class=\"title\">\n\t\t\t\t\t<a href=\"https:\/\/krtk.elte.hu\/en\/esemeny\/international-workshop\/\" target=\"_blank\">\n\t\t\t\t\t\tInternational Workshop\t\t\t\t\t<\/a>\n\t\t\t\t<\/h3>\n\t\t\t\t<p class=\"datetime from-api-archive\">\n\t\t\t\t\t<span class=\"date\">2024.10.24.<\/span>\n\t\t\t\t<\/p>\n\t\t\t\t<div class=\"excrept-text-api\">The HUN-REN KRTK Institute for the World Economy and FinnAgora cordially invite you to the International Workshop entitled: Hungarian industrial policy: departure from the post-socialist growth model? &nbsp; Main speaker: HELENA DRDLOV\u00c1, Doctoral Researcher at the University of Helsinki focusing on industrial policy strategies of Central and Eastern European EU member countries &nbsp; Discussants: ANDREA [&hellip;]<\/div>\t\t\t\t<a class=\"read-more\" href=\"https:\/\/krtk.elte.hu\/en\/esemeny\/international-workshop\/\" target=\"_blank\">\n\t\t\t\t\tRead more\t\t\t\t<\/a>\n\t\t\t<\/div>\n\t\t<\/div>\n\t\t<div class=\"row-2\">\n\t\t\t<div class=\"text\">\n\t\t\t\t\t\t\t\t\t<p class=\"excrept-text-api\">The HUN-REN KRTK Institute for the World Economy and FinnAgora cordially invite you to the International Workshop entitled: Hungarian industrial policy: departure from the post-socialist growth model? &nbsp; Main speaker: HELENA DRDLOV\u00c1, Doctoral Researcher at the University of Helsinki focusing on industrial policy strategies of Central and Eastern European EU member countries &nbsp; Discussants: ANDREA [&hellip;]<\/p>\n\t\t\t\t\n\t\t\t\t\t\t\t<\/div>\n\t\t\t\t\t\t\t<a class=\"read-more show-only-mobile\" href=\"https:\/\/krtk.elte.hu\/en\/esemeny\/international-workshop\/\" target=\"_blank\">\n\t\t\t\t\tRead more\t\t\t\t<\/a>\n\t\t\t\t\t<\/div>\n\t<\/div>\n\t<\/div>\n        <\/div>\n                    <div class=\"custom-pagination\" style=\"margin-top:15px\">\n                <div class=\" elementor-widget-container\">\n                                        <span aria-current=\"page\" class=\"page-numbers current\">1<\/span>\n                    <a class=\"page-numbers\" href=\"?api-page=2\">2<\/a><a class=\"page-numbers\" href=\"?api-page=3\">3<\/a><a class=\"next page-numbers\" href=\"?api-page=2\">Next page<\/a>                <\/div>\n            <\/div>\n        \n\t\t\t\t<\/div>\n\t\t\t\t<\/div>\n\t\t\t\t\t<\/div>\n\t\t<\/div>\n\t\t\t\t<div class=\"elementor-column elementor-col-33 elementor-top-column elementor-element elementor-element-53a00c8\" data-id=\"53a00c8\" data-element_type=\"column\">\n\t\t\t<div class=\"elementor-widget-wrap elementor-element-populated\">\n\t\t\t\t\t\t<div class=\"elementor-element elementor-element-ff7ebdd elementor-widget elementor-widget-calendar\" data-id=\"ff7ebdd\" data-element_type=\"widget\" data-widget_type=\"calendar.default\">\n\t\t\t\t<div class=\"elementor-widget-container\">\n\t\t\t\t\t\t<div class=\"calendar-container\" ajaxurl=\"https:\/\/krtk.hu\/wp-admin\/admin-ajax.php\" locale=\"en_US\">\n\t\t<div class=\"calendar-content\">\n\t\t\t<div class=\"top-row\">\n\t\t\t\t\t\t\t\t<div class=\"change-month previous-month\" year=\"2026\" month=\"04\">\n\t\t\t\t\t<i class=\"fa-solid fa-angle-left\"><\/i>\n\t\t\t\t<\/div>\n\t\t\t\t<div class=\"date-container\">\n\t\t\t\t\t<span class=\"year-text\">2026. &nbsp;<\/span>\n\t\t\t\t\t<span class=\"month-text\">May<\/span>\n\t\t\t\t\t<span class=\"day-text\">&nbsp;03.<\/span>\n\t\t\t\t<\/div>\n\t\t\t\t<div class=\"change-month next-month\" year=\"2026\" month=\"06\">\n\t\t\t\t\t<i class=\"fa-solid fa-angle-right\"><\/i>\n\t\t\t\t<\/div>\n\t\t\t<\/div>\n\t\t\t<div class=\"bottom-row\">\n\t\t\t\t<div class=\"calendar-grid\">\n\t\t\t\t\t\t\t\t\t\t\t<p class=\"calendar-grid-item day-name\">M<\/p>\n\t\t\t\t\t\t\t\t\t\t\t<p class=\"calendar-grid-item day-name\">T<\/p>\n\t\t\t\t\t\t\t\t\t\t\t<p class=\"calendar-grid-item day-name\">W<\/p>\n\t\t\t\t\t\t\t\t\t\t\t<p class=\"calendar-grid-item day-name\">T<\/p>\n\t\t\t\t\t\t\t\t\t\t\t<p class=\"calendar-grid-item day-name\">F<\/p>\n\t\t\t\t\t\t\t\t\t\t\t<p class=\"calendar-grid-item day-name\">S<\/p>\n\t\t\t\t\t\t\t\t\t\t\t<p class=\"calendar-grid-item day-name\">S<\/p>\n\t\t\t\t\t\t\t\t\t\t<div class=\"calendar-grid-item previous-month\"><p class=\"day-circle\">27<\/p><\/div><div class=\"calendar-grid-item previous-month\"><p class=\"day-circle\">28<\/p><\/div><div class=\"calendar-grid-item previous-month\"><p class=\"day-circle\">29<\/p><\/div><div class=\"calendar-grid-item previous-month\"><p class=\"day-circle\">30<\/p><\/div><div class=\"calendar-grid-item current-month\"><p class=\"day-circle\">1<\/p><\/div><div class=\"calendar-grid-item current-month\"><p class=\"day-circle\">2<\/p><\/div><div class=\"calendar-grid-item current-month current-day\"><p class=\"day-circle\">3<\/p><\/div><div class=\"calendar-grid-item current-month\"><p class=\"day-circle\">4<\/p><\/div><div class=\"calendar-grid-item current-month\"><p class=\"day-circle\">5<\/p><\/div><div class=\"calendar-grid-item current-month\"><p class=\"day-circle\">6<\/p><\/div><div class=\"calendar-grid-item current-month\"><p class=\"day-circle\">7<\/p><\/div><div class=\"calendar-grid-item current-month\"><p class=\"day-circle\">8<\/p><\/div><div class=\"calendar-grid-item current-month\"><p class=\"day-circle\">9<\/p><\/div><div class=\"calendar-grid-item current-month\"><p class=\"day-circle\">10<\/p><\/div><div class=\"calendar-grid-item current-month\"><p class=\"day-circle\">11<\/p><\/div><div class=\"calendar-grid-item current-month\"><p class=\"day-circle\">12<\/p><\/div><div class=\"calendar-grid-item current-month\"><p class=\"day-circle\">13<\/p><\/div><div class=\"calendar-grid-item current-month\"><p class=\"day-circle\">14<\/p><\/div><div class=\"calendar-grid-item current-month\"><p class=\"day-circle\">15<\/p><\/div><div class=\"calendar-grid-item current-month\"><p class=\"day-circle\">16<\/p><\/div><div class=\"calendar-grid-item current-month\"><p class=\"day-circle\">17<\/p><\/div><div class=\"calendar-grid-item current-month\"><p class=\"day-circle\">18<\/p><\/div><div class=\"calendar-grid-item current-month\"><p class=\"day-circle\">19<\/p><\/div><div class=\"calendar-grid-item current-month\"><p class=\"day-circle\">20<\/p><\/div><div class=\"calendar-grid-item current-month\"><p class=\"day-circle\">21<\/p><\/div><div class=\"calendar-grid-item current-month\"><p class=\"day-circle\">22<\/p><\/div><div class=\"calendar-grid-item current-month\"><p class=\"day-circle\">23<\/p><\/div><div class=\"calendar-grid-item current-month\"><p class=\"day-circle\">24<\/p><\/div><div class=\"calendar-grid-item current-month\"><p class=\"day-circle\">25<\/p><\/div><div class=\"calendar-grid-item current-month\"><p class=\"day-circle\">26<\/p><\/div><div class=\"calendar-grid-item current-month\"><p class=\"day-circle\">27<\/p><\/div><div class=\"calendar-grid-item current-month\"><p class=\"day-circle\">28<\/p><\/div><div class=\"calendar-grid-item current-month\"><p class=\"day-circle\">29<\/p><\/div><div class=\"calendar-grid-item current-month\"><p class=\"day-circle\">30<\/p><\/div><div class=\"calendar-grid-item current-month\"><p class=\"day-circle\">31<\/p><\/div><div class=\"calendar-grid-item next-month\"><p class=\"day-circle\">1<\/p><\/div><div class=\"calendar-grid-item next-month\"><p class=\"day-circle\">2<\/p><\/div><div class=\"calendar-grid-item next-month\"><p class=\"day-circle\">3<\/p><\/div><div class=\"calendar-grid-item next-month\"><p class=\"day-circle\">4<\/p><\/div><div class=\"calendar-grid-item next-month\"><p class=\"day-circle\">5<\/p><\/div><div class=\"calendar-grid-item next-month\"><p class=\"day-circle\">6<\/p><\/div><div class=\"calendar-grid-item next-month\"><p class=\"day-circle\">7<\/p><\/div>\t\t\t\t<\/div>\n\t\t\t<\/div>\n\t\t<\/div>\n\n\t\t<div class=\"loading-overlay hide\"><\/div>\n\t<\/div>\n\t\t\t\t<\/div>\n\t\t\t\t<\/div>\n\t\t\t\t<div class=\"elementor-element elementor-element-6fbc793 blue-title elementor-widget elementor-widget-heading\" data-id=\"6fbc793\" data-element_type=\"widget\" data-widget_type=\"heading.default\">\n\t\t\t\t<div class=\"elementor-widget-container\">\n\t\t\t\t\t<h2 class=\"elementor-heading-title elementor-size-default\">Workshop talks<\/h2>\t\t\t\t<\/div>\n\t\t\t\t<\/div>\n\t\t\t\t<div class=\"elementor-element elementor-element-6721d58 elementor-widget elementor-widget-homepage_news\" data-id=\"6721d58\" data-element_type=\"widget\" data-widget_type=\"homepage_news.default\">\n\t\t\t\t<div class=\"elementor-widget-container\">\n\t\t\t\t\t\t\t<div class=\"posts-box \n\t\t\t\t \n\t\t hide-date \t\t\t\t show-excerpt \t\t\">\n\t\t\t\t<div class=\"post-items posts-1-column\">\n\t\t\t<div class=\"post-item\">\n\t\t<div class=\"row-1\">\n\t\t\t<a class=\"image\" href=\"https:\/\/vgi.krtk.hu\/en\/oktoberi-muhelybeszelgetes-regisztraciokoteles-2022-10\/\" >\n\t\t\t\t<div class=\"image-wrapper\">\n\t\t\t\t\t<img loading=\"lazy\" decoding=\"async\" width=\"300\" height=\"200\" src=\"https:\/\/vgi.krtk.hu\/wp-content\/uploads\/2022\/05\/placeholder.png\" class=\"attachment-loop-thumbnail size-loop-thumbnail wp-post-image default-featured-img\" alt=\"\" srcset=\"https:\/\/vgi.krtk.hu\/wp-content\/uploads\/2022\/05\/placeholder.png 1200w, https:\/\/vgi.krtk.hu\/wp-content\/uploads\/2022\/05\/placeholder-300x200.png 300w, https:\/\/vgi.krtk.hu\/wp-content\/uploads\/2022\/05\/placeholder-1024x683.png 1024w, https:\/\/vgi.krtk.hu\/wp-content\/uploads\/2022\/05\/placeholder-768x512.png 768w\" sizes=\"(max-width: 300px) 100vw, 300px\" \/>\t\t\t\t<\/div>\n\t\t\t<\/a>\n\t\t\t<div class=\"text\">\n\t\t\t\t<h3 class=\"title\">\n\t\t\t\t\t<a href=\"https:\/\/vgi.krtk.hu\/en\/oktoberi-muhelybeszelgetes-regisztraciokoteles-2022-10\/\" >\n\t\t\t\t\t\tOkt\u00f3beri m\u0171helybesz\u00e9lget\u00e9s (Regisztr\u00e1ci\u00f3k\u00f6teles) - 2022-10\t\t\t\t\t<\/a>\n\t\t\t\t<\/h3>\n\t\t\t\t<p class=\"datetime\">\n\t\t\t\t\t\t\t\t\t\t\t\t<span class=\"date\">Oct 06, 2022<\/span>\n\t\t\t\t\t\t\t\t\t\t\t\t<span class=\"separator\">|<\/span>\n\t\t\t\t\t\t<span class=\"time\">00:00<\/span>\n\t\t\t\t\t\t\t\t\t<\/p>\n\t\t\t\t<p class=\"excrept-text\">\n\t\t\t\t\tA hum\u00e1n t\u0151ke szerepe a fejl\u0151d\u00e9sben \u00e9s a foglalkoztat\u00e1sban\t\t\t\t<\/p>\n\t\t\t\t<a class=\"read-more\" href=\"https:\/\/vgi.krtk.hu\/en\/oktoberi-muhelybeszelgetes-regisztraciokoteles-2022-10\/\" >\n\t\t\t\t\tRead more\t\t\t\t<\/a>\n\t\t\t<\/div>\n\t\t<\/div>\n\t\t<div class=\"row-2\">\n\t\t\t<div class=\"text\">\n\t\t\t\t<p class=\"datetime\">\n\t\t\t\t\t\t\t\t\t\t\t<span class=\"date\">2022.10.06.<\/span>\n\t\t\t\t\t\t<span class=\"separator\">|<\/span>\n\t\t\t\t\t\t<span class=\"time\">00:00<\/span>\n\t\t\t\t\t\t\t\t\t<\/p>\n\t\t\t\t<a class=\"read-more\" href=\"https:\/\/vgi.krtk.hu\/en\/oktoberi-muhelybeszelgetes-regisztraciokoteles-2022-10\/\" >\n\t\t\t\t\tRead more\t\t\t\t<\/a>\n\t\t\t<\/div>\n\t\t<\/div>\n\t<\/div>\n\t<div class=\"post-item\">\n\t\t<div class=\"row-1\">\n\t\t\t<a class=\"image\" href=\"https:\/\/vgi.krtk.hu\/en\/szeptemberi-muhelybeszelgetes-regisztraciokoteles-2022-09\/\" >\n\t\t\t\t<div class=\"image-wrapper\">\n\t\t\t\t\t<img loading=\"lazy\" decoding=\"async\" width=\"300\" height=\"200\" src=\"https:\/\/vgi.krtk.hu\/wp-content\/uploads\/2022\/05\/placeholder.png\" class=\"attachment-loop-thumbnail size-loop-thumbnail wp-post-image default-featured-img\" alt=\"\" srcset=\"https:\/\/vgi.krtk.hu\/wp-content\/uploads\/2022\/05\/placeholder.png 1200w, https:\/\/vgi.krtk.hu\/wp-content\/uploads\/2022\/05\/placeholder-300x200.png 300w, https:\/\/vgi.krtk.hu\/wp-content\/uploads\/2022\/05\/placeholder-1024x683.png 1024w, https:\/\/vgi.krtk.hu\/wp-content\/uploads\/2022\/05\/placeholder-768x512.png 768w\" sizes=\"(max-width: 300px) 100vw, 300px\" \/>\t\t\t\t<\/div>\n\t\t\t<\/a>\n\t\t\t<div class=\"text\">\n\t\t\t\t<h3 class=\"title\">\n\t\t\t\t\t<a href=\"https:\/\/vgi.krtk.hu\/en\/szeptemberi-muhelybeszelgetes-regisztraciokoteles-2022-09\/\" >\n\t\t\t\t\t\tSzeptemberi m\u0171helybesz\u00e9lget\u00e9s (Regisztr\u00e1ci\u00f3k\u00f6teles) - 2022-09\t\t\t\t\t<\/a>\n\t\t\t\t<\/h3>\n\t\t\t\t<p class=\"datetime\">\n\t\t\t\t\t\t\t\t\t\t\t\t<span class=\"date\">Sep 01, 2022<\/span>\n\t\t\t\t\t\t\t\t\t\t\t\t<span class=\"separator\">|<\/span>\n\t\t\t\t\t\t<span class=\"time\">00:00<\/span>\n\t\t\t\t\t\t\t\t\t<\/p>\n\t\t\t\t<p class=\"excrept-text\">\n\t\t\t\t\tCseh \u00e9s magyar multik: a felt\u00f6rekv\u0151 multik soksz\u00edn\u0171s\u00e9ge \u00e9s az \u00e1llam szerepe\t\t\t\t<\/p>\n\t\t\t\t<a class=\"read-more\" href=\"https:\/\/vgi.krtk.hu\/en\/szeptemberi-muhelybeszelgetes-regisztraciokoteles-2022-09\/\" >\n\t\t\t\t\tRead more\t\t\t\t<\/a>\n\t\t\t<\/div>\n\t\t<\/div>\n\t\t<div class=\"row-2\">\n\t\t\t<div class=\"text\">\n\t\t\t\t<p class=\"datetime\">\n\t\t\t\t\t\t\t\t\t\t\t<span class=\"date\">2022.09.01.<\/span>\n\t\t\t\t\t\t<span class=\"separator\">|<\/span>\n\t\t\t\t\t\t<span class=\"time\">00:00<\/span>\n\t\t\t\t\t\t\t\t\t<\/p>\n\t\t\t\t<a class=\"read-more\" href=\"https:\/\/vgi.krtk.hu\/en\/szeptemberi-muhelybeszelgetes-regisztraciokoteles-2022-09\/\" >\n\t\t\t\t\tRead more\t\t\t\t<\/a>\n\t\t\t<\/div>\n\t\t<\/div>\n\t<\/div>\n\t<div class=\"post-item\">\n\t\t<div class=\"row-1\">\n\t\t\t<a class=\"image\" href=\"https:\/\/vgi.krtk.hu\/en\/augusztusi-muhelybeszelgetes-2022-08\/\" >\n\t\t\t\t<div class=\"image-wrapper\">\n\t\t\t\t\t<img loading=\"lazy\" decoding=\"async\" width=\"300\" height=\"200\" src=\"https:\/\/vgi.krtk.hu\/wp-content\/uploads\/2022\/05\/placeholder.png\" class=\"attachment-loop-thumbnail size-loop-thumbnail wp-post-image default-featured-img\" alt=\"\" srcset=\"https:\/\/vgi.krtk.hu\/wp-content\/uploads\/2022\/05\/placeholder.png 1200w, https:\/\/vgi.krtk.hu\/wp-content\/uploads\/2022\/05\/placeholder-300x200.png 300w, https:\/\/vgi.krtk.hu\/wp-content\/uploads\/2022\/05\/placeholder-1024x683.png 1024w, https:\/\/vgi.krtk.hu\/wp-content\/uploads\/2022\/05\/placeholder-768x512.png 768w\" sizes=\"(max-width: 300px) 100vw, 300px\" \/>\t\t\t\t<\/div>\n\t\t\t<\/a>\n\t\t\t<div class=\"text\">\n\t\t\t\t<h3 class=\"title\">\n\t\t\t\t\t<a href=\"https:\/\/vgi.krtk.hu\/en\/augusztusi-muhelybeszelgetes-2022-08\/\" >\n\t\t\t\t\t\tAugusztusi m\u0171helybesz\u00e9lget\u00e9s - 2022-08\t\t\t\t\t<\/a>\n\t\t\t\t<\/h3>\n\t\t\t\t<p class=\"datetime\">\n\t\t\t\t\t\t\t\t\t\t\t\t<span class=\"date\">Aug 04, 2022<\/span>\n\t\t\t\t\t\t\t\t\t\t\t\t<span class=\"separator\">|<\/span>\n\t\t\t\t\t\t<span class=\"time\">00:00<\/span>\n\t\t\t\t\t\t\t\t\t<\/p>\n\t\t\t\t<p class=\"excrept-text\">\n\t\t\t\t\tT\u00e1volod\u00f3 aut\u00f3ipari konszolid\u00e1ci\u00f3? Az orosz-ukr\u00e1n h\u00e1bor\u00fa hat\u00e1sa az ell\u00e1t\u00e1si l\u00e1ncok m\u0171k\u00f6d\u00e9s\u00e9re\t\t\t\t<\/p>\n\t\t\t\t<a class=\"read-more\" href=\"https:\/\/vgi.krtk.hu\/en\/augusztusi-muhelybeszelgetes-2022-08\/\" >\n\t\t\t\t\tRead more\t\t\t\t<\/a>\n\t\t\t<\/div>\n\t\t<\/div>\n\t\t<div class=\"row-2\">\n\t\t\t<div class=\"text\">\n\t\t\t\t<p class=\"datetime\">\n\t\t\t\t\t\t\t\t\t\t\t<span class=\"date\">2022.08.04.<\/span>\n\t\t\t\t\t\t<span class=\"separator\">|<\/span>\n\t\t\t\t\t\t<span class=\"time\">00:00<\/span>\n\t\t\t\t\t\t\t\t\t<\/p>\n\t\t\t\t<a class=\"read-more\" href=\"https:\/\/vgi.krtk.hu\/en\/augusztusi-muhelybeszelgetes-2022-08\/\" >\n\t\t\t\t\tRead more\t\t\t\t<\/a>\n\t\t\t<\/div>\n\t\t<\/div>\n\t<\/div>\n\t<div class=\"post-item\">\n\t\t<div class=\"row-1\">\n\t\t\t<a class=\"image\" href=\"https:\/\/vgi.krtk.hu\/en\/juliusi-muhelybeszelgetes-regisztraciokoteles-2022-07\/\" >\n\t\t\t\t<div class=\"image-wrapper\">\n\t\t\t\t\t<img loading=\"lazy\" decoding=\"async\" width=\"300\" height=\"200\" src=\"https:\/\/vgi.krtk.hu\/wp-content\/uploads\/2022\/05\/placeholder.png\" class=\"attachment-loop-thumbnail size-loop-thumbnail wp-post-image default-featured-img\" alt=\"\" srcset=\"https:\/\/vgi.krtk.hu\/wp-content\/uploads\/2022\/05\/placeholder.png 1200w, https:\/\/vgi.krtk.hu\/wp-content\/uploads\/2022\/05\/placeholder-300x200.png 300w, https:\/\/vgi.krtk.hu\/wp-content\/uploads\/2022\/05\/placeholder-1024x683.png 1024w, https:\/\/vgi.krtk.hu\/wp-content\/uploads\/2022\/05\/placeholder-768x512.png 768w\" sizes=\"(max-width: 300px) 100vw, 300px\" \/>\t\t\t\t<\/div>\n\t\t\t<\/a>\n\t\t\t<div class=\"text\">\n\t\t\t\t<h3 class=\"title\">\n\t\t\t\t\t<a href=\"https:\/\/vgi.krtk.hu\/en\/juliusi-muhelybeszelgetes-regisztraciokoteles-2022-07\/\" >\n\t\t\t\t\t\tJ\u00faliusi m\u0171helybesz\u00e9lget\u00e9s (Regisztr\u00e1ci\u00f3k\u00f6teles) - 2022-07\t\t\t\t\t<\/a>\n\t\t\t\t<\/h3>\n\t\t\t\t<p class=\"datetime\">\n\t\t\t\t\t\t\t\t\t\t\t\t<span class=\"date\">Jul 07, 2022<\/span>\n\t\t\t\t\t\t\t\t\t\t\t\t<span class=\"separator\">|<\/span>\n\t\t\t\t\t\t<span class=\"time\">00:00<\/span>\n\t\t\t\t\t\t\t\t\t<\/p>\n\t\t\t\t<p class=\"excrept-text\">\n\t\t\t\t\tA vil\u00e1ggazdas\u00e1g 2022 k\u00f6zep\u00e9n \u2013 k\u00fcl\u00f6n\u00f6s tekintettel a glob\u00e1lis egyens\u00faly(talans\u00e1g)okra\t\t\t\t<\/p>\n\t\t\t\t<a class=\"read-more\" href=\"https:\/\/vgi.krtk.hu\/en\/juliusi-muhelybeszelgetes-regisztraciokoteles-2022-07\/\" >\n\t\t\t\t\tRead more\t\t\t\t<\/a>\n\t\t\t<\/div>\n\t\t<\/div>\n\t\t<div class=\"row-2\">\n\t\t\t<div class=\"text\">\n\t\t\t\t<p class=\"datetime\">\n\t\t\t\t\t\t\t\t\t\t\t<span class=\"date\">2022.07.07.<\/span>\n\t\t\t\t\t\t<span class=\"separator\">|<\/span>\n\t\t\t\t\t\t<span class=\"time\">00:00<\/span>\n\t\t\t\t\t\t\t\t\t<\/p>\n\t\t\t\t<a class=\"read-more\" href=\"https:\/\/vgi.krtk.hu\/en\/juliusi-muhelybeszelgetes-regisztraciokoteles-2022-07\/\" >\n\t\t\t\t\tRead more\t\t\t\t<\/a>\n\t\t\t<\/div>\n\t\t<\/div>\n\t<\/div>\n\t<\/div>\n\t\t\t\t<div class=\"read-more\">\n\n\t\t\t\t\t<a href=\"\n\t\t\t\t\t\thttps:\/\/vgi.krtk.hu\/kategoria\/hirek\/muhelybeszelgetesek\/\t\t\t\t\t\">\n\t\t\t\t\t\t<p>\n\t\t\t\t\t\t\tMore workshop talks\t\t\t\t\t\t<\/p>\n\t\t\t\t\t<\/a>\n\n\t\t\t\t<\/div>\n\t\t\t\t\t<\/div>\n\t\t\t\t<\/div>\n\t\t\t\t<\/div>\n\t\t\t\t<div class=\"elementor-element elementor-element-9033f0f blue-title elementor-widget elementor-widget-heading\" data-id=\"9033f0f\" data-element_type=\"widget\" data-widget_type=\"heading.default\">\n\t\t\t\t<div class=\"elementor-widget-container\">\n\t\t\t\t\t<h2 class=\"elementor-heading-title elementor-size-default\">News<\/h2>\t\t\t\t<\/div>\n\t\t\t\t<\/div>\n\t\t\t\t<div class=\"elementor-element elementor-element-37ff002 elementor-widget elementor-widget-homepage_news\" data-id=\"37ff002\" data-element_type=\"widget\" data-widget_type=\"homepage_news.default\">\n\t\t\t\t<div class=\"elementor-widget-container\">\n\t\t\t\t\t\t\t<div class=\"posts-box \n\t\t\t\t \n\t\t\t\t\t\t\t\t\">\n\t\t\t\t<div class=\"post-items posts-1-column\">\n\t\t\t<div class=\"post-item\">\n\t\t<div class=\"row-1\">\n\t\t\t<a class=\"image\" href=\"https:\/\/vgi.krtk.hu\/en\/the-institute-of-world-economics-has-been-named-an-mta-centre-of-excellence\/\" >\n\t\t\t\t<div class=\"image-wrapper\">\n\t\t\t\t\t<img loading=\"lazy\" decoding=\"async\" width=\"300\" height=\"401\" src=\"https:\/\/vgi.krtk.hu\/wp-content\/uploads\/2025\/05\/MTA-centre-of-excellence-300x401.png\" class=\"attachment-loop-thumbnail size-loop-thumbnail wp-post-image\" alt=\"\" srcset=\"https:\/\/vgi.krtk.hu\/wp-content\/uploads\/2025\/05\/MTA-centre-of-excellence-300x401.png 300w, https:\/\/vgi.krtk.hu\/wp-content\/uploads\/2025\/05\/MTA-centre-of-excellence-224x300.png 224w, https:\/\/vgi.krtk.hu\/wp-content\/uploads\/2025\/05\/MTA-centre-of-excellence-766x1024.png 766w, https:\/\/vgi.krtk.hu\/wp-content\/uploads\/2025\/05\/MTA-centre-of-excellence-768x1026.png 768w, https:\/\/vgi.krtk.hu\/wp-content\/uploads\/2025\/05\/MTA-centre-of-excellence.png 823w\" sizes=\"(max-width: 300px) 100vw, 300px\" \/>\t\t\t\t<\/div>\n\t\t\t<\/a>\n\t\t\t<div class=\"text\">\n\t\t\t\t<h3 class=\"title\">\n\t\t\t\t\t<a href=\"https:\/\/vgi.krtk.hu\/en\/the-institute-of-world-economics-has-been-named-an-mta-centre-of-excellence\/\" >\n\t\t\t\t\t\tThe Institute of World Economics has been named an MTA Centre of&nbsp;...\t\t\t\t\t<\/a>\n\t\t\t\t<\/h3>\n\t\t\t\t<p class=\"datetime\">\n\t\t\t\t\t\t\t\t\t\t\t\t<span class=\"date\">May 28, 2025<\/span>\n\t\t\t\t\t\t\t\t\t\t\t\t<span class=\"separator\">|<\/span>\n\t\t\t\t\t\t<span class=\"time\">09:48<\/span>\n\t\t\t\t\t\t\t\t\t<\/p>\n\t\t\t\t<p class=\"excrept-text\">\n\t\t\t\t\t\t\t\t\t<\/p>\n\t\t\t\t<a class=\"read-more\" href=\"https:\/\/vgi.krtk.hu\/en\/the-institute-of-world-economics-has-been-named-an-mta-centre-of-excellence\/\" >\n\t\t\t\t\tRead more\t\t\t\t<\/a>\n\t\t\t<\/div>\n\t\t<\/div>\n\t\t<div class=\"row-2\">\n\t\t\t<div class=\"text\">\n\t\t\t\t<p class=\"datetime\">\n\t\t\t\t\t\t\t\t\t\t\t<span class=\"date\">2025.05.28.<\/span>\n\t\t\t\t\t\t<span class=\"separator\">|<\/span>\n\t\t\t\t\t\t<span class=\"time\">09:48<\/span>\n\t\t\t\t\t\t\t\t\t<\/p>\n\t\t\t\t<a class=\"read-more\" href=\"https:\/\/vgi.krtk.hu\/en\/the-institute-of-world-economics-has-been-named-an-mta-centre-of-excellence\/\" >\n\t\t\t\t\tRead more\t\t\t\t<\/a>\n\t\t\t<\/div>\n\t\t<\/div>\n\t<\/div>\n\t<div class=\"post-item\">\n\t\t<div class=\"row-1\">\n\t\t\t<a class=\"image\" href=\"https:\/\/vgi.krtk.hu\/en\/call-for-papers-6th-visegrad-conference\/\" >\n\t\t\t\t<div class=\"image-wrapper\">\n\t\t\t\t\t<img loading=\"lazy\" decoding=\"async\" width=\"300\" height=\"401\" src=\"https:\/\/vgi.krtk.hu\/wp-content\/uploads\/2026\/04\/6th-Visegrad-300x401.png\" class=\"attachment-loop-thumbnail size-loop-thumbnail wp-post-image\" alt=\"\" srcset=\"https:\/\/vgi.krtk.hu\/wp-content\/uploads\/2026\/04\/6th-Visegrad-300x401.png 300w, https:\/\/vgi.krtk.hu\/wp-content\/uploads\/2026\/04\/6th-Visegrad-224x300.png 224w, https:\/\/vgi.krtk.hu\/wp-content\/uploads\/2026\/04\/6th-Visegrad-766x1024.png 766w, https:\/\/vgi.krtk.hu\/wp-content\/uploads\/2026\/04\/6th-Visegrad-768x1026.png 768w, https:\/\/vgi.krtk.hu\/wp-content\/uploads\/2026\/04\/6th-Visegrad.png 823w\" sizes=\"(max-width: 300px) 100vw, 300px\" \/>\t\t\t\t<\/div>\n\t\t\t<\/a>\n\t\t\t<div class=\"text\">\n\t\t\t\t<h3 class=\"title\">\n\t\t\t\t\t<a href=\"https:\/\/vgi.krtk.hu\/en\/call-for-papers-6th-visegrad-conference\/\" >\n\t\t\t\t\t\tCall For Papers: 6th Visegrad Conference\t\t\t\t\t<\/a>\n\t\t\t\t<\/h3>\n\t\t\t\t<p class=\"datetime\">\n\t\t\t\t\t\t\t\t\t\t\t\t<span class=\"date\">Apr 15, 2026<\/span>\n\t\t\t\t\t\t\t\t\t\t\t\t<span class=\"separator\">|<\/span>\n\t\t\t\t\t\t<span class=\"time\">22:20<\/span>\n\t\t\t\t\t\t\t\t\t<\/p>\n\t\t\t\t<p class=\"excrept-text\">\n\t\t\t\t\t\t\t\t\t<\/p>\n\t\t\t\t<a class=\"read-more\" href=\"https:\/\/vgi.krtk.hu\/en\/call-for-papers-6th-visegrad-conference\/\" >\n\t\t\t\t\tRead more\t\t\t\t<\/a>\n\t\t\t<\/div>\n\t\t<\/div>\n\t\t<div class=\"row-2\">\n\t\t\t<div class=\"text\">\n\t\t\t\t<p class=\"datetime\">\n\t\t\t\t\t\t\t\t\t\t\t<span class=\"date\">2026.04.15.<\/span>\n\t\t\t\t\t\t<span class=\"separator\">|<\/span>\n\t\t\t\t\t\t<span class=\"time\">22:20<\/span>\n\t\t\t\t\t\t\t\t\t<\/p>\n\t\t\t\t<a class=\"read-more\" href=\"https:\/\/vgi.krtk.hu\/en\/call-for-papers-6th-visegrad-conference\/\" >\n\t\t\t\t\tRead more\t\t\t\t<\/a>\n\t\t\t<\/div>\n\t\t<\/div>\n\t<\/div>\n\t<div class=\"post-item\">\n\t\t<div class=\"row-1\">\n\t\t\t<a class=\"image\" href=\"https:\/\/vgi.krtk.hu\/en\/john-szabo-wins-academic-youth-award\/\" >\n\t\t\t\t<div class=\"image-wrapper\">\n\t\t\t\t\t<img loading=\"lazy\" decoding=\"async\" width=\"300\" height=\"200\" src=\"https:\/\/vgi.krtk.hu\/wp-content\/uploads\/2026\/02\/55113379366_676a54d16d_o-300x200.png\" class=\"attachment-loop-thumbnail size-loop-thumbnail wp-post-image\" alt=\"\" srcset=\"https:\/\/vgi.krtk.hu\/wp-content\/uploads\/2026\/02\/55113379366_676a54d16d_o-300x200.png 300w, https:\/\/vgi.krtk.hu\/wp-content\/uploads\/2026\/02\/55113379366_676a54d16d_o-1024x683.png 1024w, https:\/\/vgi.krtk.hu\/wp-content\/uploads\/2026\/02\/55113379366_676a54d16d_o-768x512.png 768w, https:\/\/vgi.krtk.hu\/wp-content\/uploads\/2026\/02\/55113379366_676a54d16d_o-1536x1024.png 1536w, https:\/\/vgi.krtk.hu\/wp-content\/uploads\/2026\/02\/55113379366_676a54d16d_o-2048x1365.png 2048w\" sizes=\"(max-width: 300px) 100vw, 300px\" \/>\t\t\t\t<\/div>\n\t\t\t<\/a>\n\t\t\t<div class=\"text\">\n\t\t\t\t<h3 class=\"title\">\n\t\t\t\t\t<a href=\"https:\/\/vgi.krtk.hu\/en\/john-szabo-wins-academic-youth-award\/\" >\n\t\t\t\t\t\tJohn Szabo wins Academic Youth Award\t\t\t\t\t<\/a>\n\t\t\t\t<\/h3>\n\t\t\t\t<p class=\"datetime\">\n\t\t\t\t\t\t\t\t\t\t\t\t<span class=\"date\">Feb 26, 2026<\/span>\n\t\t\t\t\t\t\t\t\t\t\t\t<span class=\"separator\">|<\/span>\n\t\t\t\t\t\t<span class=\"time\">13:05<\/span>\n\t\t\t\t\t\t\t\t\t<\/p>\n\t\t\t\t<p class=\"excrept-text\">\n\t\t\t\t\t\t\t\t\t<\/p>\n\t\t\t\t<a class=\"read-more\" href=\"https:\/\/vgi.krtk.hu\/en\/john-szabo-wins-academic-youth-award\/\" >\n\t\t\t\t\tRead more\t\t\t\t<\/a>\n\t\t\t<\/div>\n\t\t<\/div>\n\t\t<div class=\"row-2\">\n\t\t\t<div class=\"text\">\n\t\t\t\t<p class=\"datetime\">\n\t\t\t\t\t\t\t\t\t\t\t<span class=\"date\">2026.02.26.<\/span>\n\t\t\t\t\t\t<span class=\"separator\">|<\/span>\n\t\t\t\t\t\t<span class=\"time\">13:05<\/span>\n\t\t\t\t\t\t\t\t\t<\/p>\n\t\t\t\t<a class=\"read-more\" href=\"https:\/\/vgi.krtk.hu\/en\/john-szabo-wins-academic-youth-award\/\" >\n\t\t\t\t\tRead more\t\t\t\t<\/a>\n\t\t\t<\/div>\n\t\t<\/div>\n\t<\/div>\n\t<div class=\"post-item\">\n\t\t<div class=\"row-1\">\n\t\t\t<a class=\"image\" href=\"https:\/\/vgi.krtk.hu\/en\/andrea-elteto-in-behind-the-batteries-hidden-costs-of-green-mobility-documentary\/\" >\n\t\t\t\t<div class=\"image-wrapper\">\n\t\t\t\t\t<img loading=\"lazy\" decoding=\"async\" width=\"300\" height=\"240\" src=\"https:\/\/vgi.krtk.hu\/wp-content\/uploads\/2026\/02\/a2320c36-95be-4938-9d00-8b083c90232e-300x240.png\" class=\"attachment-loop-thumbnail size-loop-thumbnail wp-post-image\" alt=\"\" srcset=\"https:\/\/vgi.krtk.hu\/wp-content\/uploads\/2026\/02\/a2320c36-95be-4938-9d00-8b083c90232e-300x240.png 300w, https:\/\/vgi.krtk.hu\/wp-content\/uploads\/2026\/02\/a2320c36-95be-4938-9d00-8b083c90232e-1024x819.png 1024w, https:\/\/vgi.krtk.hu\/wp-content\/uploads\/2026\/02\/a2320c36-95be-4938-9d00-8b083c90232e-768x614.png 768w, https:\/\/vgi.krtk.hu\/wp-content\/uploads\/2026\/02\/a2320c36-95be-4938-9d00-8b083c90232e.png 1280w\" sizes=\"(max-width: 300px) 100vw, 300px\" \/>\t\t\t\t<\/div>\n\t\t\t<\/a>\n\t\t\t<div class=\"text\">\n\t\t\t\t<h3 class=\"title\">\n\t\t\t\t\t<a href=\"https:\/\/vgi.krtk.hu\/en\/andrea-elteto-in-behind-the-batteries-hidden-costs-of-green-mobility-documentary\/\" >\n\t\t\t\t\t\tAndrea \u00c9ltet\u0151 in Behind the Batteries: Hidden Costs of Green&nbsp;...\t\t\t\t\t<\/a>\n\t\t\t\t<\/h3>\n\t\t\t\t<p class=\"datetime\">\n\t\t\t\t\t\t\t\t\t\t\t\t<span class=\"date\">Feb 20, 2026<\/span>\n\t\t\t\t\t\t\t\t\t\t\t\t<span class=\"separator\">|<\/span>\n\t\t\t\t\t\t<span class=\"time\">16:07<\/span>\n\t\t\t\t\t\t\t\t\t<\/p>\n\t\t\t\t<p class=\"excrept-text\">\n\t\t\t\t\t\t\t\t\t<\/p>\n\t\t\t\t<a class=\"read-more\" href=\"https:\/\/vgi.krtk.hu\/en\/andrea-elteto-in-behind-the-batteries-hidden-costs-of-green-mobility-documentary\/\" >\n\t\t\t\t\tRead more\t\t\t\t<\/a>\n\t\t\t<\/div>\n\t\t<\/div>\n\t\t<div class=\"row-2\">\n\t\t\t<div class=\"text\">\n\t\t\t\t<p class=\"datetime\">\n\t\t\t\t\t\t\t\t\t\t\t<span class=\"date\">2026.02.20.<\/span>\n\t\t\t\t\t\t<span class=\"separator\">|<\/span>\n\t\t\t\t\t\t<span class=\"time\">16:07<\/span>\n\t\t\t\t\t\t\t\t\t<\/p>\n\t\t\t\t<a class=\"read-more\" href=\"https:\/\/vgi.krtk.hu\/en\/andrea-elteto-in-behind-the-batteries-hidden-costs-of-green-mobility-documentary\/\" >\n\t\t\t\t\tRead more\t\t\t\t<\/a>\n\t\t\t<\/div>\n\t\t<\/div>\n\t<\/div>\n\t<\/div>\n\t\t\t\t<div class=\"read-more\">\n\n\t\t\t\t\t<a href=\"\n\t\t\t\t\t\thttps:\/\/vgi.krtk.hu\/kategoria\/hirek\/hirek-2\/\t\t\t\t\t\">\n\t\t\t\t\t\t<p>\n\t\t\t\t\t\t\tMore news\t\t\t\t\t\t<\/p>\n\t\t\t\t\t<\/a>\n\n\t\t\t\t<\/div>\n\t\t\t\t\t<\/div>\n\t\t\t\t<\/div>\n\t\t\t\t<\/div>\n\t\t\t\t\t<\/div>\n\t\t<\/div>\n\t\t\t\t\t<\/div>\n\t\t<\/section>\n\t\t\t\t<\/div>\n\t\t","protected":false},"excerpt":{"rendered":"<p>Events 8th The Role Of The State In Varieties Of Capitalism (Svoc) 2022 2022.11.24. 8th The Role Of The State In Varieties Of Capitalism (Svoc) 2022 Structural Transformations in a Crises-driven World Economy 24\u201325 November 2022 Budapest, Hungary \/ Online Central European University (CEU) N\u00e1dor street 15, 1051 Budapest Website: www.svoc-conference.webnode.hu\/ Organisers: Institute of World [&hellip;]<\/p>\n","protected":false},"author":3,"featured_media":39,"parent":7612,"menu_order":0,"comment_status":"closed","ping_status":"closed","template":"","meta":{"_acf_changed":false,"inline_featured_image":false,"footnotes":"","_links_to":"","_links_to_target":""},"class_list":["post-7617","page","type-page","status-publish","has-post-thumbnail","hentry"],"acf":[],"yoast_head":"<!-- This site is optimized with the Yoast SEO plugin v25.1 - https:\/\/yoast.com\/wordpress\/plugins\/seo\/ -->\n<title>Events - VGI<\/title>\n<meta name=\"robots\" content=\"index, follow, max-snippet:-1, max-image-preview:large, max-video-preview:-1\" \/>\n<link rel=\"canonical\" href=\"https:\/\/vgi.krtk.hu\/en\/news\/events\/\" \/>\n<meta property=\"og:locale\" content=\"en_US\" \/>\n<meta property=\"og:type\" content=\"article\" \/>\n<meta property=\"og:title\" content=\"Events - VGI\" \/>\n<meta property=\"og:description\" content=\"Events 8th The Role Of The State In Varieties Of Capitalism (Svoc) 2022 2022.11.24. 8th The Role Of The State In Varieties Of Capitalism (Svoc) 2022 Structural Transformations in a Crises-driven World Economy 24\u201325 November 2022 Budapest, Hungary \/ Online Central European University (CEU) N\u00e1dor street 15, 1051 Budapest Website: www.svoc-conference.webnode.hu\/ Organisers: Institute of World [&hellip;]\" \/>\n<meta property=\"og:url\" content=\"https:\/\/vgi.krtk.hu\/en\/news\/events\/\" \/>\n<meta property=\"og:site_name\" content=\"VGI\" \/>\n<meta property=\"article:modified_time\" content=\"2022-11-01T00:27:07+00:00\" \/>\n<meta property=\"og:image\" content=\"https:\/\/vgi.krtk.hu\/wp-content\/uploads\/2022\/05\/placeholder.png\" \/>\n\t<meta property=\"og:image:width\" content=\"1200\" \/>\n\t<meta property=\"og:image:height\" content=\"800\" \/>\n\t<meta property=\"og:image:type\" content=\"image\/png\" \/>\n<meta name=\"twitter:card\" content=\"summary_large_image\" \/>\n<meta name=\"twitter:label1\" content=\"Est. reading time\" \/>\n\t<meta name=\"twitter:data1\" content=\"7 minutes\" \/>\n<script type=\"application\/ld+json\" class=\"yoast-schema-graph\">{\"@context\":\"https:\/\/schema.org\",\"@graph\":[{\"@type\":\"WebPage\",\"@id\":\"https:\/\/vgi.krtk.hu\/en\/news\/events\/\",\"url\":\"https:\/\/vgi.krtk.hu\/en\/news\/events\/\",\"name\":\"Events - VGI\",\"isPartOf\":{\"@id\":\"https:\/\/vgi.krtk.hu\/#website\"},\"primaryImageOfPage\":{\"@id\":\"https:\/\/vgi.krtk.hu\/en\/news\/events\/#primaryimage\"},\"image\":{\"@id\":\"https:\/\/vgi.krtk.hu\/en\/news\/events\/#primaryimage\"},\"thumbnailUrl\":\"https:\/\/vgi.krtk.hu\/wp-content\/uploads\/2022\/05\/placeholder.png\",\"datePublished\":\"2022-06-09T15:33:40+00:00\",\"dateModified\":\"2022-11-01T00:27:07+00:00\",\"breadcrumb\":{\"@id\":\"https:\/\/vgi.krtk.hu\/en\/news\/events\/#breadcrumb\"},\"inLanguage\":\"en-US\",\"potentialAction\":[{\"@type\":\"ReadAction\",\"target\":[\"https:\/\/vgi.krtk.hu\/en\/news\/events\/\"]}]},{\"@type\":\"ImageObject\",\"inLanguage\":\"en-US\",\"@id\":\"https:\/\/vgi.krtk.hu\/en\/news\/events\/#primaryimage\",\"url\":\"https:\/\/vgi.krtk.hu\/wp-content\/uploads\/2022\/05\/placeholder.png\",\"contentUrl\":\"https:\/\/vgi.krtk.hu\/wp-content\/uploads\/2022\/05\/placeholder.png\",\"width\":1200,\"height\":800},{\"@type\":\"BreadcrumbList\",\"@id\":\"https:\/\/vgi.krtk.hu\/en\/news\/events\/#breadcrumb\",\"itemListElement\":[{\"@type\":\"ListItem\",\"position\":1,\"name\":\"News\",\"item\":\"https:\/\/vgi.krtk.hu\/en\/news\/\"},{\"@type\":\"ListItem\",\"position\":2,\"name\":\"Events\"}]},{\"@type\":\"WebSite\",\"@id\":\"https:\/\/vgi.krtk.hu\/#website\",\"url\":\"https:\/\/vgi.krtk.hu\/\",\"name\":\"VGI\",\"description\":\"Vil\u00e1ggazdas\u00e1gi Int\u00e9zet\",\"publisher\":{\"@id\":\"https:\/\/vgi.krtk.hu\/#organization\"},\"potentialAction\":[{\"@type\":\"SearchAction\",\"target\":{\"@type\":\"EntryPoint\",\"urlTemplate\":\"https:\/\/vgi.krtk.hu\/?s={search_term_string}\"},\"query-input\":{\"@type\":\"PropertyValueSpecification\",\"valueRequired\":true,\"valueName\":\"search_term_string\"}}],\"inLanguage\":\"en-US\"},{\"@type\":\"Organization\",\"@id\":\"https:\/\/vgi.krtk.hu\/#organization\",\"name\":\"VGI\",\"url\":\"https:\/\/vgi.krtk.hu\/\",\"logo\":{\"@type\":\"ImageObject\",\"inLanguage\":\"en-US\",\"@id\":\"https:\/\/vgi.krtk.hu\/#\/schema\/logo\/image\/\",\"url\":\"https:\/\/vgi.krtk.hu\/wp-content\/uploads\/2022\/08\/cropped-Group-960-1.png\",\"contentUrl\":\"https:\/\/vgi.krtk.hu\/wp-content\/uploads\/2022\/08\/cropped-Group-960-1.png\",\"width\":199,\"height\":57,\"caption\":\"VGI\"},\"image\":{\"@id\":\"https:\/\/vgi.krtk.hu\/#\/schema\/logo\/image\/\"}}]}<\/script>\n<!-- \/ Yoast SEO plugin. -->","yoast_head_json":{"title":"Events - VGI","robots":{"index":"index","follow":"follow","max-snippet":"max-snippet:-1","max-image-preview":"max-image-preview:large","max-video-preview":"max-video-preview:-1"},"canonical":"https:\/\/vgi.krtk.hu\/en\/news\/events\/","og_locale":"en_US","og_type":"article","og_title":"Events - VGI","og_description":"Events 8th The Role Of The State In Varieties Of Capitalism (Svoc) 2022 2022.11.24. 8th The Role Of The State In Varieties Of Capitalism (Svoc) 2022 Structural Transformations in a Crises-driven World Economy 24\u201325 November 2022 Budapest, Hungary \/ Online Central European University (CEU) N\u00e1dor street 15, 1051 Budapest Website: www.svoc-conference.webnode.hu\/ Organisers: Institute of World [&hellip;]","og_url":"https:\/\/vgi.krtk.hu\/en\/news\/events\/","og_site_name":"VGI","article_modified_time":"2022-11-01T00:27:07+00:00","og_image":[{"width":1200,"height":800,"url":"https:\/\/vgi.krtk.hu\/wp-content\/uploads\/2022\/05\/placeholder.png","type":"image\/png"}],"twitter_card":"summary_large_image","twitter_misc":{"Est. reading time":"7 minutes"},"schema":{"@context":"https:\/\/schema.org","@graph":[{"@type":"WebPage","@id":"https:\/\/vgi.krtk.hu\/en\/news\/events\/","url":"https:\/\/vgi.krtk.hu\/en\/news\/events\/","name":"Events - VGI","isPartOf":{"@id":"https:\/\/vgi.krtk.hu\/#website"},"primaryImageOfPage":{"@id":"https:\/\/vgi.krtk.hu\/en\/news\/events\/#primaryimage"},"image":{"@id":"https:\/\/vgi.krtk.hu\/en\/news\/events\/#primaryimage"},"thumbnailUrl":"https:\/\/vgi.krtk.hu\/wp-content\/uploads\/2022\/05\/placeholder.png","datePublished":"2022-06-09T15:33:40+00:00","dateModified":"2022-11-01T00:27:07+00:00","breadcrumb":{"@id":"https:\/\/vgi.krtk.hu\/en\/news\/events\/#breadcrumb"},"inLanguage":"en-US","potentialAction":[{"@type":"ReadAction","target":["https:\/\/vgi.krtk.hu\/en\/news\/events\/"]}]},{"@type":"ImageObject","inLanguage":"en-US","@id":"https:\/\/vgi.krtk.hu\/en\/news\/events\/#primaryimage","url":"https:\/\/vgi.krtk.hu\/wp-content\/uploads\/2022\/05\/placeholder.png","contentUrl":"https:\/\/vgi.krtk.hu\/wp-content\/uploads\/2022\/05\/placeholder.png","width":1200,"height":800},{"@type":"BreadcrumbList","@id":"https:\/\/vgi.krtk.hu\/en\/news\/events\/#breadcrumb","itemListElement":[{"@type":"ListItem","position":1,"name":"News","item":"https:\/\/vgi.krtk.hu\/en\/news\/"},{"@type":"ListItem","position":2,"name":"Events"}]},{"@type":"WebSite","@id":"https:\/\/vgi.krtk.hu\/#website","url":"https:\/\/vgi.krtk.hu\/","name":"VGI","description":"Vil\u00e1ggazdas\u00e1gi Int\u00e9zet","publisher":{"@id":"https:\/\/vgi.krtk.hu\/#organization"},"potentialAction":[{"@type":"SearchAction","target":{"@type":"EntryPoint","urlTemplate":"https:\/\/vgi.krtk.hu\/?s={search_term_string}"},"query-input":{"@type":"PropertyValueSpecification","valueRequired":true,"valueName":"search_term_string"}}],"inLanguage":"en-US"},{"@type":"Organization","@id":"https:\/\/vgi.krtk.hu\/#organization","name":"VGI","url":"https:\/\/vgi.krtk.hu\/","logo":{"@type":"ImageObject","inLanguage":"en-US","@id":"https:\/\/vgi.krtk.hu\/#\/schema\/logo\/image\/","url":"https:\/\/vgi.krtk.hu\/wp-content\/uploads\/2022\/08\/cropped-Group-960-1.png","contentUrl":"https:\/\/vgi.krtk.hu\/wp-content\/uploads\/2022\/08\/cropped-Group-960-1.png","width":199,"height":57,"caption":"VGI"},"image":{"@id":"https:\/\/vgi.krtk.hu\/#\/schema\/logo\/image\/"}}]}},"_links":{"self":[{"href":"https:\/\/vgi.krtk.hu\/en\/wp-json\/wp\/v2\/pages\/7617","targetHints":{"allow":["GET"]}}],"collection":[{"href":"https:\/\/vgi.krtk.hu\/en\/wp-json\/wp\/v2\/pages"}],"about":[{"href":"https:\/\/vgi.krtk.hu\/en\/wp-json\/wp\/v2\/types\/page"}],"author":[{"embeddable":true,"href":"https:\/\/vgi.krtk.hu\/en\/wp-json\/wp\/v2\/users\/3"}],"replies":[{"embeddable":true,"href":"https:\/\/vgi.krtk.hu\/en\/wp-json\/wp\/v2\/comments?post=7617"}],"version-history":[{"count":7,"href":"https:\/\/vgi.krtk.hu\/en\/wp-json\/wp\/v2\/pages\/7617\/revisions"}],"predecessor-version":[{"id":7704,"href":"https:\/\/vgi.krtk.hu\/en\/wp-json\/wp\/v2\/pages\/7617\/revisions\/7704"}],"up":[{"embeddable":true,"href":"https:\/\/vgi.krtk.hu\/en\/wp-json\/wp\/v2\/pages\/7612"}],"wp:featuredmedia":[{"embeddable":true,"href":"https:\/\/vgi.krtk.hu\/en\/wp-json\/wp\/v2\/media\/39"}],"wp:attachment":[{"href":"https:\/\/vgi.krtk.hu\/en\/wp-json\/wp\/v2\/media?parent=7617"}],"curies":[{"name":"wp","href":"https:\/\/api.w.org\/{rel}","templated":true}]}}