{"id":12191,"date":"2026-09-01T21:37:57","date_gmt":"2026-09-01T21:37:57","guid":{"rendered":"https:\/\/vgi.krtk.hu\/?post_type=publikacio&#038;p=12191"},"modified":"2026-09-01T21:39:27","modified_gmt":"2026-09-01T21:39:27","slug":"prochazka-p-krenkova-e-tury-g-integrating-resilience-and-sustainability-in-new-product-development-by-central-european-automotive-firms-is-there-synergy-or-two-independent-concepts","status":"publish","type":"publikacio","link":"https:\/\/vgi.krtk.hu\/en\/publikacio\/prochazka-p-krenkova-e-tury-g-integrating-resilience-and-sustainability-in-new-product-development-by-central-european-automotive-firms-is-there-synergy-or-two-independent-concepts\/","title":{"rendered":"Proch\u00e1zka, P., K\u0159enkov\u00e1 E., T\u00fary, G.: Integrating resilience and sustainability in new product development by Central European automotive firms: is there synergy or two independent concepts?"},"content":{"rendered":"<h1>Integrating resilience and sustainability in new product development by Central European automotive firms: is there synergy or two independent concepts?<\/h1>\n<p>&nbsp;<\/p>\n<p>Authors: Petr Proch\u00e1zka, Eva K\u0159enkov\u00e1, <a href=\"https:\/\/vgi.krtk.hu\/en\/colleague\/gabor-tury\/\">G\u00e1bor T\u00fary<\/a><\/p>\n<p>&nbsp;<\/p>\n<p>In: <em>Logistics Research<\/em>, Vol. ahead-of-print No. ahead-of-print<\/p>\n<p>DOI: <a href=\"https:\/\/doi.org\/10.1108\/LORE-06-2025-0082\">https:\/\/doi.org\/10.1108\/LORE-06-2025-0082<\/a><\/p>\n<p>&nbsp;<\/p>\n<h1>Abstract<\/h1>\n<p style=\"text-align: justify;\">This paper examines how automotive manufacturers in Hungary and Czechia have implemented resilience and sustainability measures within new product development (NPD). Building on the resource dependence theory (RDT), it uses data from eleven in-depth interviews triangulated with suppliers\u2019 codes of conduct and non-financial reports. Resilience considerations and dependencies, as expected by RDT, shape the NPD decisions and sustainability is embedded, especially when prompted by customers or company needs for higher efficiency.<\/p>\n<p style=\"text-align: justify;\">The research is limited by the selection of large companies as well as by the sample size, while the case study approach enables us to dive into the strategies. The research pointed to the importance of strategic procurement and the role of original equipment manufacturer (OEMs) and multinationals\u2019 management in the operational process. We contribute to extant literature by linking supply chain resilience and sustainability with NPD in an asymmetric and dependency-driven process.<\/p>\n","protected":false},"excerpt":{"rendered":"<p>Integrating resilience and sustainability in new product development by Central European automotive firms: is there synergy or two independent concepts? &nbsp; Authors: Petr Proch\u00e1zka, Eva K\u0159enkov\u00e1, G\u00e1bor T\u00fary &nbsp; In: Logistics Research, Vol. ahead-of-print No. ahead-of-print DOI: https:\/\/doi.org\/10.1108\/LORE-06-2025-0082 &nbsp; Abstract This paper examines how automotive manufacturers in Hungary and Czechia have implemented resilience and sustainability [&hellip;]<\/p>\n","protected":false},"featured_media":12189,"template":"","meta":{"_acf_changed":false,"inline_featured_image":false,"_links_to":"","_links_to_target":""},"categories":[104,100],"tags":[608,176,1006,1004,171,1005],"class_list":["post-12191","publikacio","type-publikacio","status-publish","has-post-thumbnail","hentry","category-external-publications","category-publications","tag-electromobility","tag-gabor-tury-en","tag-new-product-development-en","tag-resilience-en","tag-supply-chain-management","tag-sustainability-en"],"acf":[],"yoast_head":"<!-- This site is optimized with the Yoast SEO plugin v25.1 - https:\/\/yoast.com\/wordpress\/plugins\/seo\/ -->\n<title>Proch\u00e1zka, P., K\u0159enkov\u00e1 E., T\u00fary, G.: Integrating resilience and sustainability in new product development by Central European automotive firms: is there synergy or two independent concepts? - VGI<\/title>\n<meta name=\"robots\" content=\"index, follow, max-snippet:-1, max-image-preview:large, max-video-preview:-1\" \/>\n<link rel=\"canonical\" href=\"https:\/\/vgi.krtk.hu\/en\/publikacio\/prochazka-p-krenkova-e-tury-g-integrating-resilience-and-sustainability-in-new-product-development-by-central-european-automotive-firms-is-there-synergy-or-two-independent-concepts\/\" \/>\n<meta property=\"og:locale\" content=\"en_US\" \/>\n<meta property=\"og:type\" content=\"article\" \/>\n<meta property=\"og:title\" content=\"Proch\u00e1zka, P., K\u0159enkov\u00e1 E., T\u00fary, G.: Integrating resilience and sustainability in new product development by Central European automotive firms: is there synergy or two independent concepts? - VGI\" \/>\n<meta property=\"og:description\" content=\"Integrating resilience and sustainability in new product development by Central European automotive firms: is there synergy or two independent concepts? &nbsp; Authors: Petr Proch\u00e1zka, Eva K\u0159enkov\u00e1, G\u00e1bor T\u00fary &nbsp; In: Logistics Research, Vol. ahead-of-print No. ahead-of-print DOI: https:\/\/doi.org\/10.1108\/LORE-06-2025-0082 &nbsp; Abstract This paper examines how automotive manufacturers in Hungary and Czechia have implemented resilience and sustainability [&hellip;]\" \/>\n<meta property=\"og:url\" content=\"https:\/\/vgi.krtk.hu\/en\/publikacio\/prochazka-p-krenkova-e-tury-g-integrating-resilience-and-sustainability-in-new-product-development-by-central-european-automotive-firms-is-there-synergy-or-two-independent-concepts\/\" \/>\n<meta property=\"og:site_name\" content=\"VGI\" \/>\n<meta property=\"article:modified_time\" content=\"2026-09-01T21:39:27+00:00\" \/>\n<meta property=\"og:image\" content=\"https:\/\/vgi.krtk.hu\/wp-content\/uploads\/2026\/09\/homepage_Prohazka-etal.png\" \/>\n\t<meta property=\"og:image:width\" content=\"395\" \/>\n\t<meta property=\"og:image:height\" content=\"528\" \/>\n\t<meta property=\"og:image:type\" content=\"image\/png\" \/>\n<meta name=\"twitter:card\" content=\"summary_large_image\" \/>\n<meta name=\"twitter:label1\" content=\"Est. reading time\" \/>\n\t<meta name=\"twitter:data1\" content=\"2 minutes\" \/>\n<script type=\"application\/ld+json\" class=\"yoast-schema-graph\">{\"@context\":\"https:\/\/schema.org\",\"@graph\":[{\"@type\":\"WebPage\",\"@id\":\"https:\/\/vgi.krtk.hu\/en\/publikacio\/prochazka-p-krenkova-e-tury-g-integrating-resilience-and-sustainability-in-new-product-development-by-central-european-automotive-firms-is-there-synergy-or-two-independent-concepts\/\",\"url\":\"https:\/\/vgi.krtk.hu\/en\/publikacio\/prochazka-p-krenkova-e-tury-g-integrating-resilience-and-sustainability-in-new-product-development-by-central-european-automotive-firms-is-there-synergy-or-two-independent-concepts\/\",\"name\":\"Proch\u00e1zka, P., K\u0159enkov\u00e1 E., T\u00fary, G.: Integrating resilience and sustainability in new product development by Central European automotive firms: is there synergy or two independent concepts? - VGI\",\"isPartOf\":{\"@id\":\"https:\/\/vgi.krtk.hu\/#website\"},\"primaryImageOfPage\":{\"@id\":\"https:\/\/vgi.krtk.hu\/en\/publikacio\/prochazka-p-krenkova-e-tury-g-integrating-resilience-and-sustainability-in-new-product-development-by-central-european-automotive-firms-is-there-synergy-or-two-independent-concepts\/#primaryimage\"},\"image\":{\"@id\":\"https:\/\/vgi.krtk.hu\/en\/publikacio\/prochazka-p-krenkova-e-tury-g-integrating-resilience-and-sustainability-in-new-product-development-by-central-european-automotive-firms-is-there-synergy-or-two-independent-concepts\/#primaryimage\"},\"thumbnailUrl\":\"https:\/\/vgi.krtk.hu\/wp-content\/uploads\/2026\/09\/homepage_Prohazka-etal.png\",\"datePublished\":\"2026-09-01T21:37:57+00:00\",\"dateModified\":\"2026-09-01T21:39:27+00:00\",\"inLanguage\":\"en-US\",\"potentialAction\":[{\"@type\":\"ReadAction\",\"target\":[\"https:\/\/vgi.krtk.hu\/en\/publikacio\/prochazka-p-krenkova-e-tury-g-integrating-resilience-and-sustainability-in-new-product-development-by-central-european-automotive-firms-is-there-synergy-or-two-independent-concepts\/\"]}]},{\"@type\":\"ImageObject\",\"inLanguage\":\"en-US\",\"@id\":\"https:\/\/vgi.krtk.hu\/en\/publikacio\/prochazka-p-krenkova-e-tury-g-integrating-resilience-and-sustainability-in-new-product-development-by-central-european-automotive-firms-is-there-synergy-or-two-independent-concepts\/#primaryimage\",\"url\":\"https:\/\/vgi.krtk.hu\/wp-content\/uploads\/2026\/09\/homepage_Prohazka-etal.png\",\"contentUrl\":\"https:\/\/vgi.krtk.hu\/wp-content\/uploads\/2026\/09\/homepage_Prohazka-etal.png\",\"width\":395,\"height\":528},{\"@type\":\"WebSite\",\"@id\":\"https:\/\/vgi.krtk.hu\/#website\",\"url\":\"https:\/\/vgi.krtk.hu\/\",\"name\":\"VGI\",\"description\":\"Vil\u00e1ggazdas\u00e1gi Int\u00e9zet\",\"publisher\":{\"@id\":\"https:\/\/vgi.krtk.hu\/#organization\"},\"potentialAction\":[{\"@type\":\"SearchAction\",\"target\":{\"@type\":\"EntryPoint\",\"urlTemplate\":\"https:\/\/vgi.krtk.hu\/?s={search_term_string}\"},\"query-input\":{\"@type\":\"PropertyValueSpecification\",\"valueRequired\":true,\"valueName\":\"search_term_string\"}}],\"inLanguage\":\"en-US\"},{\"@type\":\"Organization\",\"@id\":\"https:\/\/vgi.krtk.hu\/#organization\",\"name\":\"VGI\",\"url\":\"https:\/\/vgi.krtk.hu\/\",\"logo\":{\"@type\":\"ImageObject\",\"inLanguage\":\"en-US\",\"@id\":\"https:\/\/vgi.krtk.hu\/#\/schema\/logo\/image\/\",\"url\":\"https:\/\/vgi.krtk.hu\/wp-content\/uploads\/2022\/08\/cropped-Group-960-1.png\",\"contentUrl\":\"https:\/\/vgi.krtk.hu\/wp-content\/uploads\/2022\/08\/cropped-Group-960-1.png\",\"width\":199,\"height\":57,\"caption\":\"VGI\"},\"image\":{\"@id\":\"https:\/\/vgi.krtk.hu\/#\/schema\/logo\/image\/\"}}]}<\/script>\n<!-- \/ Yoast SEO plugin. -->","yoast_head_json":{"title":"Proch\u00e1zka, P., K\u0159enkov\u00e1 E., T\u00fary, G.: Integrating resilience and sustainability in new product development by Central European automotive firms: is there synergy or two independent concepts? - VGI","robots":{"index":"index","follow":"follow","max-snippet":"max-snippet:-1","max-image-preview":"max-image-preview:large","max-video-preview":"max-video-preview:-1"},"canonical":"https:\/\/vgi.krtk.hu\/en\/publikacio\/prochazka-p-krenkova-e-tury-g-integrating-resilience-and-sustainability-in-new-product-development-by-central-european-automotive-firms-is-there-synergy-or-two-independent-concepts\/","og_locale":"en_US","og_type":"article","og_title":"Proch\u00e1zka, P., K\u0159enkov\u00e1 E., T\u00fary, G.: Integrating resilience and sustainability in new product development by Central European automotive firms: is there synergy or two independent concepts? - VGI","og_description":"Integrating resilience and sustainability in new product development by Central European automotive firms: is there synergy or two independent concepts? &nbsp; Authors: Petr Proch\u00e1zka, Eva K\u0159enkov\u00e1, G\u00e1bor T\u00fary &nbsp; In: Logistics Research, Vol. ahead-of-print No. ahead-of-print DOI: https:\/\/doi.org\/10.1108\/LORE-06-2025-0082 &nbsp; Abstract This paper examines how automotive manufacturers in Hungary and Czechia have implemented resilience and sustainability [&hellip;]","og_url":"https:\/\/vgi.krtk.hu\/en\/publikacio\/prochazka-p-krenkova-e-tury-g-integrating-resilience-and-sustainability-in-new-product-development-by-central-european-automotive-firms-is-there-synergy-or-two-independent-concepts\/","og_site_name":"VGI","article_modified_time":"2026-09-01T21:39:27+00:00","og_image":[{"width":395,"height":528,"url":"https:\/\/vgi.krtk.hu\/wp-content\/uploads\/2026\/09\/homepage_Prohazka-etal.png","type":"image\/png"}],"twitter_card":"summary_large_image","twitter_misc":{"Est. reading time":"2 minutes"},"schema":{"@context":"https:\/\/schema.org","@graph":[{"@type":"WebPage","@id":"https:\/\/vgi.krtk.hu\/en\/publikacio\/prochazka-p-krenkova-e-tury-g-integrating-resilience-and-sustainability-in-new-product-development-by-central-european-automotive-firms-is-there-synergy-or-two-independent-concepts\/","url":"https:\/\/vgi.krtk.hu\/en\/publikacio\/prochazka-p-krenkova-e-tury-g-integrating-resilience-and-sustainability-in-new-product-development-by-central-european-automotive-firms-is-there-synergy-or-two-independent-concepts\/","name":"Proch\u00e1zka, P., K\u0159enkov\u00e1 E., T\u00fary, G.: Integrating resilience and sustainability in new product development by Central European automotive firms: is there synergy or two independent concepts? - VGI","isPartOf":{"@id":"https:\/\/vgi.krtk.hu\/#website"},"primaryImageOfPage":{"@id":"https:\/\/vgi.krtk.hu\/en\/publikacio\/prochazka-p-krenkova-e-tury-g-integrating-resilience-and-sustainability-in-new-product-development-by-central-european-automotive-firms-is-there-synergy-or-two-independent-concepts\/#primaryimage"},"image":{"@id":"https:\/\/vgi.krtk.hu\/en\/publikacio\/prochazka-p-krenkova-e-tury-g-integrating-resilience-and-sustainability-in-new-product-development-by-central-european-automotive-firms-is-there-synergy-or-two-independent-concepts\/#primaryimage"},"thumbnailUrl":"https:\/\/vgi.krtk.hu\/wp-content\/uploads\/2026\/09\/homepage_Prohazka-etal.png","datePublished":"2026-09-01T21:37:57+00:00","dateModified":"2026-09-01T21:39:27+00:00","inLanguage":"en-US","potentialAction":[{"@type":"ReadAction","target":["https:\/\/vgi.krtk.hu\/en\/publikacio\/prochazka-p-krenkova-e-tury-g-integrating-resilience-and-sustainability-in-new-product-development-by-central-european-automotive-firms-is-there-synergy-or-two-independent-concepts\/"]}]},{"@type":"ImageObject","inLanguage":"en-US","@id":"https:\/\/vgi.krtk.hu\/en\/publikacio\/prochazka-p-krenkova-e-tury-g-integrating-resilience-and-sustainability-in-new-product-development-by-central-european-automotive-firms-is-there-synergy-or-two-independent-concepts\/#primaryimage","url":"https:\/\/vgi.krtk.hu\/wp-content\/uploads\/2026\/09\/homepage_Prohazka-etal.png","contentUrl":"https:\/\/vgi.krtk.hu\/wp-content\/uploads\/2026\/09\/homepage_Prohazka-etal.png","width":395,"height":528},{"@type":"WebSite","@id":"https:\/\/vgi.krtk.hu\/#website","url":"https:\/\/vgi.krtk.hu\/","name":"VGI","description":"Vil\u00e1ggazdas\u00e1gi Int\u00e9zet","publisher":{"@id":"https:\/\/vgi.krtk.hu\/#organization"},"potentialAction":[{"@type":"SearchAction","target":{"@type":"EntryPoint","urlTemplate":"https:\/\/vgi.krtk.hu\/?s={search_term_string}"},"query-input":{"@type":"PropertyValueSpecification","valueRequired":true,"valueName":"search_term_string"}}],"inLanguage":"en-US"},{"@type":"Organization","@id":"https:\/\/vgi.krtk.hu\/#organization","name":"VGI","url":"https:\/\/vgi.krtk.hu\/","logo":{"@type":"ImageObject","inLanguage":"en-US","@id":"https:\/\/vgi.krtk.hu\/#\/schema\/logo\/image\/","url":"https:\/\/vgi.krtk.hu\/wp-content\/uploads\/2022\/08\/cropped-Group-960-1.png","contentUrl":"https:\/\/vgi.krtk.hu\/wp-content\/uploads\/2022\/08\/cropped-Group-960-1.png","width":199,"height":57,"caption":"VGI"},"image":{"@id":"https:\/\/vgi.krtk.hu\/#\/schema\/logo\/image\/"}}]}},"_links":{"self":[{"href":"https:\/\/vgi.krtk.hu\/en\/wp-json\/wp\/v2\/publikacio\/12191","targetHints":{"allow":["GET"]}}],"collection":[{"href":"https:\/\/vgi.krtk.hu\/en\/wp-json\/wp\/v2\/publikacio"}],"about":[{"href":"https:\/\/vgi.krtk.hu\/en\/wp-json\/wp\/v2\/types\/publikacio"}],"wp:featuredmedia":[{"embeddable":true,"href":"https:\/\/vgi.krtk.hu\/en\/wp-json\/wp\/v2\/media\/12189"}],"wp:attachment":[{"href":"https:\/\/vgi.krtk.hu\/en\/wp-json\/wp\/v2\/media?parent=12191"}],"wp:term":[{"taxonomy":"category","embeddable":true,"href":"https:\/\/vgi.krtk.hu\/en\/wp-json\/wp\/v2\/categories?post=12191"},{"taxonomy":"post_tag","embeddable":true,"href":"https:\/\/vgi.krtk.hu\/en\/wp-json\/wp\/v2\/tags?post=12191"}],"curies":[{"name":"wp","href":"https:\/\/api.w.org\/{rel}","templated":true}]}}