{"id":5755,"date":"2014-06-26T10:44:00","date_gmt":"2014-06-26T10:44:00","guid":{"rendered":"https:\/\/vki.stilldev2.work\/publikacio\/a-gazdasagi-penzugyi-valsag-kezelese-az-europai-unioban-az-allam-szerepenek-valtozasai-2014-06\/"},"modified":"2014-06-26T10:44:00","modified_gmt":"2014-06-26T10:44:00","slug":"a-gazdasagi-penzugyi-valsag-kezelese-az-europai-unioban-az-allam-szerepenek-valtozasai-2014-06","status":"publish","type":"publikacio","link":"https:\/\/vgi.krtk.hu\/en\/publikacio\/a-gazdasagi-penzugyi-valsag-kezelese-az-europai-unioban-az-allam-szerepenek-valtozasai-2014-06\/","title":{"rendered":"A gazdas\u00e1gi-p\u00e9nz\u00fcgyi v\u00e1ls\u00e1g kezel\u00e9se az Eur\u00f3pai Uni\u00f3ban : Az \u00e1llam szerep\u00e9nek v\u00e1ltoz\u00e1sai &#8211; 2014-06"},"content":{"rendered":"<p class='author'><span>Author: <\/span><a href='\/en\/colleague\/istvan-korosi' target='_blank' rel=\"noopener\">Istv\u00e1n K\u0151r\u00f6si<\/a><\/p>\n<div class=\"migrated-content\">Szerz\u0151: K\u0151r\u00f6si Istv\u00e1n<\/p>\n<p>In:\u00a0L\u00e1ncos Petra (szerk.): V\u00e1ls\u00e1gban az Eur\u00f3pai Uni\u00f3. (Tanulm\u00e1nyok 24.). Budapest, P\u00e1zm\u00e1ny P\u00e9ter Katolikus Egyetem, 2014., pp. 9-32<\/p><\/div>\n","protected":false},"excerpt":{"rendered":"<p>In:\u00a0V\u00e1ls\u00e1gban az Eur\u00f3pai Uni\u00f3<\/p>\n","protected":false},"featured_media":38,"template":"","meta":{"_acf_changed":false,"inline_featured_image":false,"_links_to":"","_links_to_target":""},"categories":[104],"tags":[],"class_list":["post-5755","publikacio","type-publikacio","status-publish","has-post-thumbnail","hentry","category-external-publications"],"acf":[],"yoast_head":"<!-- This site is optimized with the Yoast SEO plugin v25.1 - https:\/\/yoast.com\/wordpress\/plugins\/seo\/ -->\n<title>A gazdas\u00e1gi-p\u00e9nz\u00fcgyi v\u00e1ls\u00e1g kezel\u00e9se az Eur\u00f3pai Uni\u00f3ban : Az \u00e1llam szerep\u00e9nek v\u00e1ltoz\u00e1sai - 2014-06 - VGI<\/title>\n<meta name=\"robots\" content=\"index, follow, max-snippet:-1, max-image-preview:large, max-video-preview:-1\" \/>\n<link rel=\"canonical\" href=\"https:\/\/vgi.krtk.hu\/en\/publikacio\/a-gazdasagi-penzugyi-valsag-kezelese-az-europai-unioban-az-allam-szerepenek-valtozasai-2014-06\/\" \/>\n<meta property=\"og:locale\" content=\"en_US\" \/>\n<meta property=\"og:type\" content=\"article\" \/>\n<meta property=\"og:title\" content=\"A gazdas\u00e1gi-p\u00e9nz\u00fcgyi v\u00e1ls\u00e1g kezel\u00e9se az Eur\u00f3pai Uni\u00f3ban : Az \u00e1llam szerep\u00e9nek v\u00e1ltoz\u00e1sai - 2014-06 - VGI\" \/>\n<meta property=\"og:description\" content=\"In:\u00a0V\u00e1ls\u00e1gban az Eur\u00f3pai Uni\u00f3\" \/>\n<meta property=\"og:url\" content=\"https:\/\/vgi.krtk.hu\/en\/publikacio\/a-gazdasagi-penzugyi-valsag-kezelese-az-europai-unioban-az-allam-szerepenek-valtozasai-2014-06\/\" \/>\n<meta property=\"og:site_name\" content=\"VGI\" \/>\n<meta name=\"twitter:card\" content=\"summary_large_image\" \/>\n<script type=\"application\/ld+json\" class=\"yoast-schema-graph\">{\"@context\":\"https:\/\/schema.org\",\"@graph\":[{\"@type\":\"WebPage\",\"@id\":\"https:\/\/vgi.krtk.hu\/en\/publikacio\/a-gazdasagi-penzugyi-valsag-kezelese-az-europai-unioban-az-allam-szerepenek-valtozasai-2014-06\/\",\"url\":\"https:\/\/vgi.krtk.hu\/en\/publikacio\/a-gazdasagi-penzugyi-valsag-kezelese-az-europai-unioban-az-allam-szerepenek-valtozasai-2014-06\/\",\"name\":\"A gazdas\u00e1gi-p\u00e9nz\u00fcgyi v\u00e1ls\u00e1g kezel\u00e9se az Eur\u00f3pai Uni\u00f3ban : Az \u00e1llam szerep\u00e9nek v\u00e1ltoz\u00e1sai - 2014-06 - VGI\",\"isPartOf\":{\"@id\":\"https:\/\/vgi.krtk.hu\/#website\"},\"primaryImageOfPage\":{\"@id\":\"https:\/\/vgi.krtk.hu\/en\/publikacio\/a-gazdasagi-penzugyi-valsag-kezelese-az-europai-unioban-az-allam-szerepenek-valtozasai-2014-06\/#primaryimage\"},\"image\":{\"@id\":\"https:\/\/vgi.krtk.hu\/en\/publikacio\/a-gazdasagi-penzugyi-valsag-kezelese-az-europai-unioban-az-allam-szerepenek-valtozasai-2014-06\/#primaryimage\"},\"thumbnailUrl\":\"https:\/\/vgi.krtk.hu\/wp-content\/uploads\/2022\/05\/placeholder.png\",\"datePublished\":\"2014-06-26T10:44:00+00:00\",\"inLanguage\":\"en-US\",\"potentialAction\":[{\"@type\":\"ReadAction\",\"target\":[\"https:\/\/vgi.krtk.hu\/en\/publikacio\/a-gazdasagi-penzugyi-valsag-kezelese-az-europai-unioban-az-allam-szerepenek-valtozasai-2014-06\/\"]}]},{\"@type\":\"ImageObject\",\"inLanguage\":\"en-US\",\"@id\":\"https:\/\/vgi.krtk.hu\/en\/publikacio\/a-gazdasagi-penzugyi-valsag-kezelese-az-europai-unioban-az-allam-szerepenek-valtozasai-2014-06\/#primaryimage\",\"url\":\"https:\/\/vgi.krtk.hu\/wp-content\/uploads\/2022\/05\/placeholder.png\",\"contentUrl\":\"https:\/\/vgi.krtk.hu\/wp-content\/uploads\/2022\/05\/placeholder.png\",\"width\":1200,\"height\":800},{\"@type\":\"WebSite\",\"@id\":\"https:\/\/vgi.krtk.hu\/#website\",\"url\":\"https:\/\/vgi.krtk.hu\/\",\"name\":\"VGI\",\"description\":\"Vil\u00e1ggazdas\u00e1gi Int\u00e9zet\",\"publisher\":{\"@id\":\"https:\/\/vgi.krtk.hu\/#organization\"},\"potentialAction\":[{\"@type\":\"SearchAction\",\"target\":{\"@type\":\"EntryPoint\",\"urlTemplate\":\"https:\/\/vgi.krtk.hu\/?s={search_term_string}\"},\"query-input\":{\"@type\":\"PropertyValueSpecification\",\"valueRequired\":true,\"valueName\":\"search_term_string\"}}],\"inLanguage\":\"en-US\"},{\"@type\":\"Organization\",\"@id\":\"https:\/\/vgi.krtk.hu\/#organization\",\"name\":\"VGI\",\"url\":\"https:\/\/vgi.krtk.hu\/\",\"logo\":{\"@type\":\"ImageObject\",\"inLanguage\":\"en-US\",\"@id\":\"https:\/\/vgi.krtk.hu\/#\/schema\/logo\/image\/\",\"url\":\"https:\/\/vgi.krtk.hu\/wp-content\/uploads\/2022\/08\/cropped-Group-960-1.png\",\"contentUrl\":\"https:\/\/vgi.krtk.hu\/wp-content\/uploads\/2022\/08\/cropped-Group-960-1.png\",\"width\":199,\"height\":57,\"caption\":\"VGI\"},\"image\":{\"@id\":\"https:\/\/vgi.krtk.hu\/#\/schema\/logo\/image\/\"}}]}<\/script>\n<!-- \/ Yoast SEO plugin. -->","yoast_head_json":{"title":"A gazdas\u00e1gi-p\u00e9nz\u00fcgyi v\u00e1ls\u00e1g kezel\u00e9se az Eur\u00f3pai Uni\u00f3ban : Az \u00e1llam szerep\u00e9nek v\u00e1ltoz\u00e1sai - 2014-06 - VGI","robots":{"index":"index","follow":"follow","max-snippet":"max-snippet:-1","max-image-preview":"max-image-preview:large","max-video-preview":"max-video-preview:-1"},"canonical":"https:\/\/vgi.krtk.hu\/en\/publikacio\/a-gazdasagi-penzugyi-valsag-kezelese-az-europai-unioban-az-allam-szerepenek-valtozasai-2014-06\/","og_locale":"en_US","og_type":"article","og_title":"A gazdas\u00e1gi-p\u00e9nz\u00fcgyi v\u00e1ls\u00e1g kezel\u00e9se az Eur\u00f3pai Uni\u00f3ban : Az \u00e1llam szerep\u00e9nek v\u00e1ltoz\u00e1sai - 2014-06 - VGI","og_description":"In:\u00a0V\u00e1ls\u00e1gban az Eur\u00f3pai Uni\u00f3","og_url":"https:\/\/vgi.krtk.hu\/en\/publikacio\/a-gazdasagi-penzugyi-valsag-kezelese-az-europai-unioban-az-allam-szerepenek-valtozasai-2014-06\/","og_site_name":"VGI","twitter_card":"summary_large_image","schema":{"@context":"https:\/\/schema.org","@graph":[{"@type":"WebPage","@id":"https:\/\/vgi.krtk.hu\/en\/publikacio\/a-gazdasagi-penzugyi-valsag-kezelese-az-europai-unioban-az-allam-szerepenek-valtozasai-2014-06\/","url":"https:\/\/vgi.krtk.hu\/en\/publikacio\/a-gazdasagi-penzugyi-valsag-kezelese-az-europai-unioban-az-allam-szerepenek-valtozasai-2014-06\/","name":"A gazdas\u00e1gi-p\u00e9nz\u00fcgyi v\u00e1ls\u00e1g kezel\u00e9se az Eur\u00f3pai Uni\u00f3ban : Az \u00e1llam szerep\u00e9nek v\u00e1ltoz\u00e1sai - 2014-06 - VGI","isPartOf":{"@id":"https:\/\/vgi.krtk.hu\/#website"},"primaryImageOfPage":{"@id":"https:\/\/vgi.krtk.hu\/en\/publikacio\/a-gazdasagi-penzugyi-valsag-kezelese-az-europai-unioban-az-allam-szerepenek-valtozasai-2014-06\/#primaryimage"},"image":{"@id":"https:\/\/vgi.krtk.hu\/en\/publikacio\/a-gazdasagi-penzugyi-valsag-kezelese-az-europai-unioban-az-allam-szerepenek-valtozasai-2014-06\/#primaryimage"},"thumbnailUrl":"https:\/\/vgi.krtk.hu\/wp-content\/uploads\/2022\/05\/placeholder.png","datePublished":"2014-06-26T10:44:00+00:00","inLanguage":"en-US","potentialAction":[{"@type":"ReadAction","target":["https:\/\/vgi.krtk.hu\/en\/publikacio\/a-gazdasagi-penzugyi-valsag-kezelese-az-europai-unioban-az-allam-szerepenek-valtozasai-2014-06\/"]}]},{"@type":"ImageObject","inLanguage":"en-US","@id":"https:\/\/vgi.krtk.hu\/en\/publikacio\/a-gazdasagi-penzugyi-valsag-kezelese-az-europai-unioban-az-allam-szerepenek-valtozasai-2014-06\/#primaryimage","url":"https:\/\/vgi.krtk.hu\/wp-content\/uploads\/2022\/05\/placeholder.png","contentUrl":"https:\/\/vgi.krtk.hu\/wp-content\/uploads\/2022\/05\/placeholder.png","width":1200,"height":800},{"@type":"WebSite","@id":"https:\/\/vgi.krtk.hu\/#website","url":"https:\/\/vgi.krtk.hu\/","name":"VGI","description":"Vil\u00e1ggazdas\u00e1gi Int\u00e9zet","publisher":{"@id":"https:\/\/vgi.krtk.hu\/#organization"},"potentialAction":[{"@type":"SearchAction","target":{"@type":"EntryPoint","urlTemplate":"https:\/\/vgi.krtk.hu\/?s={search_term_string}"},"query-input":{"@type":"PropertyValueSpecification","valueRequired":true,"valueName":"search_term_string"}}],"inLanguage":"en-US"},{"@type":"Organization","@id":"https:\/\/vgi.krtk.hu\/#organization","name":"VGI","url":"https:\/\/vgi.krtk.hu\/","logo":{"@type":"ImageObject","inLanguage":"en-US","@id":"https:\/\/vgi.krtk.hu\/#\/schema\/logo\/image\/","url":"https:\/\/vgi.krtk.hu\/wp-content\/uploads\/2022\/08\/cropped-Group-960-1.png","contentUrl":"https:\/\/vgi.krtk.hu\/wp-content\/uploads\/2022\/08\/cropped-Group-960-1.png","width":199,"height":57,"caption":"VGI"},"image":{"@id":"https:\/\/vgi.krtk.hu\/#\/schema\/logo\/image\/"}}]}},"_links":{"self":[{"href":"https:\/\/vgi.krtk.hu\/en\/wp-json\/wp\/v2\/publikacio\/5755","targetHints":{"allow":["GET"]}}],"collection":[{"href":"https:\/\/vgi.krtk.hu\/en\/wp-json\/wp\/v2\/publikacio"}],"about":[{"href":"https:\/\/vgi.krtk.hu\/en\/wp-json\/wp\/v2\/types\/publikacio"}],"wp:featuredmedia":[{"embeddable":true,"href":"https:\/\/vgi.krtk.hu\/en\/wp-json\/wp\/v2\/media\/38"}],"wp:attachment":[{"href":"https:\/\/vgi.krtk.hu\/en\/wp-json\/wp\/v2\/media?parent=5755"}],"wp:term":[{"taxonomy":"category","embeddable":true,"href":"https:\/\/vgi.krtk.hu\/en\/wp-json\/wp\/v2\/categories?post=5755"},{"taxonomy":"post_tag","embeddable":true,"href":"https:\/\/vgi.krtk.hu\/en\/wp-json\/wp\/v2\/tags?post=5755"}],"curies":[{"name":"wp","href":"https:\/\/api.w.org\/{rel}","templated":true}]}}